{"id":767,"date":"2012-01-08T20:08:22","date_gmt":"2012-01-08T19:08:22","guid":{"rendered":"http:\/\/www.casagalega.com\/wp_cgh\/?page_id=767"},"modified":"2025-11-13T16:40:10","modified_gmt":"2025-11-13T15:40:10","slug":"liga-de-bandas","status":"publish","type":"page","link":"https:\/\/www.casagalega.com\/wp_cgh\/concursos-y-eventos\/liga-de-bandas\/","title":{"rendered":"Liga de Bandas"},"content":{"rendered":"\n<p>La <strong>Casa Galega de L&#8217;Hospitalet <\/strong>comenz\u00f3, a principios del a\u00f1o 2000, a participar en los Campeonatos de Ligas Gallega de Bandas de Gaitas. Un nuevo proyecto que comenzar\u00eda con una primera Banda, Banda A, y que posteriormente se formar\u00eda la Banda Junior de la Casa Galega de L&#8217;Hospitalet. <\/p>\n\n\n\n<p>Actualmente existe la formaci\u00f3n <strong><a href=\"http:\/\/www.casagalega.com\/wp_cgh\/grupos\/banda-xuntanza\/\">Banda Xuntanza<\/a><\/strong> formada en 2010, uni\u00f3n de varias bandas de Catalu\u00f1a.<\/p>\n\n\n\n<p>Tambi\u00e9n contamos con la inestimable ayuda de Arturo Lamas y Ana Caeiro, profesores de Galicia y que nos han ido ense\u00f1ando todo nuestro nuevo repertorio, Jhonathan Ferreira en percusi\u00f3n y posteriormente encargado de la Banda durante varios a\u00f1os.&nbsp;<\/p>\n\n\n\n<p>La normativa y puntuaci\u00f3n de los campeonatos lo decide la organizaci\u00f3n del concurso, en este caso la&nbsp;<a href=\"http:\/\/www.federaciongalegabandasdegaitas.com\/\" target=\"_blank\" rel=\"noreferrer noopener\">Federaci\u00f3n de Bandas de Gaitas (web sin uso)<\/a> o <a href=\"http:\/\/www.realbanda.es\/\" target=\"_blank\" rel=\"noreferrer noopener\">Real Banda de Gaitas de Ourense.<\/a><\/p>\n\n\n\n<p>Casa Galega y sus dos formaciones de Bandas de Gaitas participaron en los siguientes campeonatos.<br>Su trayectoria en las diferentes fases:<\/p>\n\n\n\n<div class=\"wp-block-cp-timeline-content-timeline Cool-Content-Timeline\"><div class=\"cool-timeline-block-f903a7e5-7694-43b5-b050-f3b803833ad2\"><div class=\"cool-vertical-timeline-body ctlb-wrapper both-sided left\"><div class=\"cool-timeline-block-list\">\n<div class=\"wp-block-cp-timeline-content-timeline-child swiper-slide\"><div class=\"timeline-content icon-false \"><div class=\"timeline-block-timeline ctl-row  position-right\"><div class=\"ctl-6 timeline-block-time\"><div class=\"story-time\"><p>Mayo 2023<\/p><\/div><\/div><div class=\"timeline-block-icon\"><svg stroke=\"currentColor\" fill=\"currentColor\" stroke-width=\"0\" viewBox=\"0 0 512 512\" height=\"1em\" width=\"1em\" xmlns=\"http:\/\/www.w3.org\/2000\/svg\"><path d=\"M256 8C119 8 8 119 8 256s111 248 248 248 248-111 248-248S393 8 256 8z\"><\/path><\/svg><\/div><div class=\"ctl-6 timeline-block-detail\"><div class=\"story-details\"><div class=\"story-content\">\n<h3 class=\"wp-block-heading ctlb-block-title\" style=\"padding-top:0px;padding-right:0px;padding-bottom:0px;padding-left:0px\"><strong>I<\/strong>\u00a0Concurso de Gaitas E Percusi\u00f3n Da Limia \/\u00a0<strong>XIV<\/strong>\u00a0Certame Celtib\u00e9rico de Bandas de Gaitas<\/h3>\n\n\n\n<p class=\"ctlb-block-desc\" style=\"padding-top:0px;padding-right:0px;padding-bottom:0px;padding-left:0px\">Los grupos Xuntanza (<strong>Casa Galega Hospitalet y Agarimos de Badalona<\/strong>) participaron como invitados en el cert\u00e1men en todas las disciplinas.\u00a0<strong>A.C.Rosal\u00eda C, Cornell\u00e1<\/strong>\u00a0adem\u00e1s particip\u00f3 en el campeonato como concursante.<\/p>\n\n\n\n<figure data-wp-context=\"{&quot;imageId&quot;:&quot;69f517d7a56f4&quot;}\" data-wp-interactive=\"core\/image\" data-wp-key=\"69f517d7a56f4\" class=\"wp-block-image size-large wp-lightbox-container\"><img decoding=\"async\" data-wp-class--hide=\"state.isContentHidden\" data-wp-class--show=\"state.isContentVisible\" data-wp-init=\"callbacks.setButtonStyles\" data-wp-on--click=\"actions.showLightbox\" data-wp-on--load=\"callbacks.setButtonStyles\" data-wp-on-window--resize=\"callbacks.setButtonStyles\" src=\"https:\/\/www.casagalega.com\/wp_cgh\/wp-content\/uploads\/Web-Uploads-Puntuales\/Banda-Xuntaza-Color_v2-scaled.jpg\" alt=\"\"\/><button\n\t\t\tclass=\"lightbox-trigger\"\n\t\t\ttype=\"button\"\n\t\t\taria-haspopup=\"dialog\"\n\t\t\taria-label=\"Agrandar\"\n\t\t\tdata-wp-init=\"callbacks.initTriggerButton\"\n\t\t\tdata-wp-on--click=\"actions.showLightbox\"\n\t\t\tdata-wp-style--right=\"state.imageButtonRight\"\n\t\t\tdata-wp-style--top=\"state.imageButtonTop\"\n\t\t>\n\t\t\t<svg xmlns=\"http:\/\/www.w3.org\/2000\/svg\" width=\"12\" height=\"12\" fill=\"none\" viewBox=\"0 0 12 12\">\n\t\t\t\t<path fill=\"#fff\" d=\"M2 0a2 2 0 0 0-2 2v2h1.5V2a.5.5 0 0 1 .5-.5h2V0H2Zm2 10.5H2a.5.5 0 0 1-.5-.5V8H0v2a2 2 0 0 0 2 2h2v-1.5ZM8 12v-1.5h2a.5.5 0 0 0 .5-.5V8H12v2a2 2 0 0 1-2 2H8Zm2-12a2 2 0 0 1 2 2v2h-1.5V2a.5.5 0 0 0-.5-.5H8V0h2Z\" \/>\n\t\t\t<\/svg>\n\t\t<\/button><\/figure>\n<\/div><\/div><\/div><\/div><\/div><\/div>\n\n\n\n<div class=\"wp-block-cp-timeline-content-timeline-child swiper-slide\"><div class=\"timeline-content icon-false \"><div class=\"timeline-block-timeline ctl-row  position-left\"><div class=\"ctl-6 timeline-block-time\"><div class=\"story-time\"><p><strong>2015 \u2013 2016<\/strong><\/p><\/div><\/div><div class=\"timeline-block-icon\"><svg stroke=\"currentColor\" fill=\"currentColor\" stroke-width=\"0\" viewBox=\"0 0 512 512\" height=\"1em\" width=\"1em\" xmlns=\"http:\/\/www.w3.org\/2000\/svg\"><path d=\"M256 8C119 8 8 119 8 256s111 248 248 248 248-111 248-248S393 8 256 8z\"><\/path><\/svg><\/div><div class=\"ctl-6 timeline-block-detail\"><div class=\"story-details\"><div class=\"story-content\">\n<h3 class=\"wp-block-heading ctlb-block-title\" style=\"padding-top:0px;padding-right:0px;padding-bottom:0px;padding-left:0px\"><strong>XXV<\/strong>\u00a0Campeonato<\/h3>\n\n\n\n<p class=\"ctlb-block-desc\" style=\"padding-top:0px;padding-right:0px;padding-bottom:0px;padding-left:0px\">Fue la \u00faltima Liga Galega de Bandas de Gaitas. Se hicieron en Santiago de Compostela y en Carballi\u00f1o.<\/p>\n<\/div><\/div><\/div><\/div><\/div><\/div>\n\n\n\n<div class=\"wp-block-cp-timeline-content-timeline-child swiper-slide\"><div class=\"timeline-content icon-false \"><div class=\"timeline-block-timeline ctl-row  position-right\"><div class=\"ctl-6 timeline-block-time\"><div class=\"story-time\"><p>2012-2013<\/p><\/div><\/div><div class=\"timeline-block-icon\"><svg stroke=\"currentColor\" fill=\"currentColor\" stroke-width=\"0\" viewBox=\"0 0 512 512\" height=\"1em\" width=\"1em\" xmlns=\"http:\/\/www.w3.org\/2000\/svg\"><path d=\"M256 8C119 8 8 119 8 256s111 248 248 248 248-111 248-248S393 8 256 8z\"><\/path><\/svg><\/div><div class=\"ctl-6 timeline-block-detail\"><div class=\"story-details\"><div class=\"story-content\">\n<h3 class=\"wp-block-heading ctlb-block-title\" style=\"padding-top:0px;padding-right:0px;padding-bottom:0px;padding-left:0px\"><strong>XXIII<\/strong>\u00a0Campeonato<\/h3>\n\n\n\n<p class=\"ctlb-block-desc\" style=\"padding-top:0px;padding-right:0px;padding-bottom:0px;padding-left:0px\">Participamos como formaci\u00f3n Xuntanza de Catalunya en Santiago de Compostela.<\/p>\n\n\n\n<figure data-wp-context=\"{&quot;imageId&quot;:&quot;69f517d7a59e6&quot;}\" data-wp-interactive=\"core\/image\" data-wp-key=\"69f517d7a59e6\" class=\"wp-block-image size-large wp-lightbox-container\"><img decoding=\"async\" data-wp-class--hide=\"state.isContentHidden\" data-wp-class--show=\"state.isContentVisible\" data-wp-init=\"callbacks.setButtonStyles\" data-wp-on--click=\"actions.showLightbox\" data-wp-on--load=\"callbacks.setButtonStyles\" data-wp-on-window--resize=\"callbacks.setButtonStyles\" src=\"https:\/\/www.casagalega.com\/wp_cgh\/wp-content\/uploads\/Web-Uploads-Puntuales\/2013Santiago.jpg\" alt=\"\"\/><button\n\t\t\tclass=\"lightbox-trigger\"\n\t\t\ttype=\"button\"\n\t\t\taria-haspopup=\"dialog\"\n\t\t\taria-label=\"Agrandar\"\n\t\t\tdata-wp-init=\"callbacks.initTriggerButton\"\n\t\t\tdata-wp-on--click=\"actions.showLightbox\"\n\t\t\tdata-wp-style--right=\"state.imageButtonRight\"\n\t\t\tdata-wp-style--top=\"state.imageButtonTop\"\n\t\t>\n\t\t\t<svg xmlns=\"http:\/\/www.w3.org\/2000\/svg\" width=\"12\" height=\"12\" fill=\"none\" viewBox=\"0 0 12 12\">\n\t\t\t\t<path fill=\"#fff\" d=\"M2 0a2 2 0 0 0-2 2v2h1.5V2a.5.5 0 0 1 .5-.5h2V0H2Zm2 10.5H2a.5.5 0 0 1-.5-.5V8H0v2a2 2 0 0 0 2 2h2v-1.5ZM8 12v-1.5h2a.5.5 0 0 0 .5-.5V8H12v2a2 2 0 0 1-2 2H8Zm2-12a2 2 0 0 1 2 2v2h-1.5V2a.5.5 0 0 0-.5-.5H8V0h2Z\" \/>\n\t\t\t<\/svg>\n\t\t<\/button><\/figure>\n<\/div><\/div><\/div><\/div><\/div><\/div>\n\n\n\n<div class=\"wp-block-cp-timeline-content-timeline-child swiper-slide\"><div class=\"timeline-content icon-false \"><div class=\"timeline-block-timeline ctl-row  position-left\"><div class=\"ctl-6 timeline-block-time\"><div class=\"story-time\"><p>2011-2012<\/p><\/div><\/div><div class=\"timeline-block-icon\"><svg stroke=\"currentColor\" fill=\"currentColor\" stroke-width=\"0\" viewBox=\"0 0 512 512\" height=\"1em\" width=\"1em\" xmlns=\"http:\/\/www.w3.org\/2000\/svg\"><path d=\"M256 8C119 8 8 119 8 256s111 248 248 248 248-111 248-248S393 8 256 8z\"><\/path><\/svg><\/div><div class=\"ctl-6 timeline-block-detail\"><div class=\"story-details\"><div class=\"story-content\">\n<h3 class=\"wp-block-heading ctlb-block-title\" style=\"padding-top:0px;padding-right:0px;padding-bottom:0px;padding-left:0px\"><strong>XXII<\/strong>\u00a0Campeonato<\/h3>\n\n\n\n<p class=\"ctlb-block-desc\" style=\"padding-top:0px;padding-right:0px;padding-bottom:0px;padding-left:0px\">Celebrado en Santiago de Compostela y Lal\u00edn.<\/p>\n\n\n\n<figure data-wp-context=\"{&quot;imageId&quot;:&quot;69f517d7a5bd6&quot;}\" data-wp-interactive=\"core\/image\" data-wp-key=\"69f517d7a5bd6\" class=\"wp-block-image size-large wp-lightbox-container\"><img decoding=\"async\" data-wp-class--hide=\"state.isContentHidden\" data-wp-class--show=\"state.isContentVisible\" data-wp-init=\"callbacks.setButtonStyles\" data-wp-on--click=\"actions.showLightbox\" data-wp-on--load=\"callbacks.setButtonStyles\" data-wp-on-window--resize=\"callbacks.setButtonStyles\" src=\"https:\/\/www.casagalega.com\/wp_cgh\/wp-content\/uploads\/Web-Uploads-Puntuales\/2012Lalin.jpg\" alt=\"\"\/><button\n\t\t\tclass=\"lightbox-trigger\"\n\t\t\ttype=\"button\"\n\t\t\taria-haspopup=\"dialog\"\n\t\t\taria-label=\"Agrandar\"\n\t\t\tdata-wp-init=\"callbacks.initTriggerButton\"\n\t\t\tdata-wp-on--click=\"actions.showLightbox\"\n\t\t\tdata-wp-style--right=\"state.imageButtonRight\"\n\t\t\tdata-wp-style--top=\"state.imageButtonTop\"\n\t\t>\n\t\t\t<svg xmlns=\"http:\/\/www.w3.org\/2000\/svg\" width=\"12\" height=\"12\" fill=\"none\" viewBox=\"0 0 12 12\">\n\t\t\t\t<path fill=\"#fff\" d=\"M2 0a2 2 0 0 0-2 2v2h1.5V2a.5.5 0 0 1 .5-.5h2V0H2Zm2 10.5H2a.5.5 0 0 1-.5-.5V8H0v2a2 2 0 0 0 2 2h2v-1.5ZM8 12v-1.5h2a.5.5 0 0 0 .5-.5V8H12v2a2 2 0 0 1-2 2H8Zm2-12a2 2 0 0 1 2 2v2h-1.5V2a.5.5 0 0 0-.5-.5H8V0h2Z\" \/>\n\t\t\t<\/svg>\n\t\t<\/button><\/figure>\n<\/div><\/div><\/div><\/div><\/div><\/div>\n\n\n\n<div class=\"wp-block-cp-timeline-content-timeline-child swiper-slide\"><div class=\"timeline-content icon-false \"><div class=\"timeline-block-timeline ctl-row  position-right\"><div class=\"ctl-6 timeline-block-time\"><div class=\"story-time\"><p>2010-2011<\/p><\/div><\/div><div class=\"timeline-block-icon\"><svg stroke=\"currentColor\" fill=\"currentColor\" stroke-width=\"0\" viewBox=\"0 0 512 512\" height=\"1em\" width=\"1em\" xmlns=\"http:\/\/www.w3.org\/2000\/svg\"><path d=\"M256 8C119 8 8 119 8 256s111 248 248 248 248-111 248-248S393 8 256 8z\"><\/path><\/svg><\/div><div class=\"ctl-6 timeline-block-detail\"><div class=\"story-details\"><div class=\"story-content\">\n<h3 class=\"wp-block-heading ctlb-block-title\" style=\"padding-top:0px;padding-right:0px;padding-bottom:0px;padding-left:0px\"><strong>XXI<\/strong>\u00a0Campeonato<\/h3>\n\n\n\n<p class=\"ctlb-block-desc\" style=\"padding-top:0px;padding-right:0px;padding-bottom:0px;padding-left:0px\">Conjuntamente con\u00a0<strong>Toxos e Xestas<\/strong>\u00a0y ya como\u00a0<a href=\"https:\/\/www.casagalega.com\/wp_cgh\/grupos\/banda-xuntanza\/\">Banda Xuntanza de Catalunya<\/a>\u00a0Celebrado en Pontevedra y Vilalba.<\/p>\n\n\n\n<figure data-wp-context=\"{&quot;imageId&quot;:&quot;69f517d7a5db8&quot;}\" data-wp-interactive=\"core\/image\" data-wp-key=\"69f517d7a5db8\" class=\"wp-block-image size-large wp-lightbox-container\"><img decoding=\"async\" data-wp-class--hide=\"state.isContentHidden\" data-wp-class--show=\"state.isContentVisible\" data-wp-init=\"callbacks.setButtonStyles\" data-wp-on--click=\"actions.showLightbox\" data-wp-on--load=\"callbacks.setButtonStyles\" data-wp-on-window--resize=\"callbacks.setButtonStyles\" src=\"https:\/\/www.casagalega.com\/wp_cgh\/wp-content\/uploads\/Web-Uploads-Puntuales\/DSC01404-scaled.jpg\" alt=\"\"\/><button\n\t\t\tclass=\"lightbox-trigger\"\n\t\t\ttype=\"button\"\n\t\t\taria-haspopup=\"dialog\"\n\t\t\taria-label=\"Agrandar\"\n\t\t\tdata-wp-init=\"callbacks.initTriggerButton\"\n\t\t\tdata-wp-on--click=\"actions.showLightbox\"\n\t\t\tdata-wp-style--right=\"state.imageButtonRight\"\n\t\t\tdata-wp-style--top=\"state.imageButtonTop\"\n\t\t>\n\t\t\t<svg xmlns=\"http:\/\/www.w3.org\/2000\/svg\" width=\"12\" height=\"12\" fill=\"none\" viewBox=\"0 0 12 12\">\n\t\t\t\t<path fill=\"#fff\" d=\"M2 0a2 2 0 0 0-2 2v2h1.5V2a.5.5 0 0 1 .5-.5h2V0H2Zm2 10.5H2a.5.5 0 0 1-.5-.5V8H0v2a2 2 0 0 0 2 2h2v-1.5ZM8 12v-1.5h2a.5.5 0 0 0 .5-.5V8H12v2a2 2 0 0 1-2 2H8Zm2-12a2 2 0 0 1 2 2v2h-1.5V2a.5.5 0 0 0-.5-.5H8V0h2Z\" \/>\n\t\t\t<\/svg>\n\t\t<\/button><\/figure>\n<\/div><\/div><\/div><\/div><\/div><\/div>\n\n\n\n<div class=\"wp-block-cp-timeline-content-timeline-child swiper-slide\"><div class=\"timeline-content icon-false \"><div class=\"timeline-block-timeline ctl-row  position-left\"><div class=\"ctl-6 timeline-block-time\"><div class=\"story-time\"><p>2009-2010<\/p><\/div><\/div><div class=\"timeline-block-icon\"><svg stroke=\"currentColor\" fill=\"currentColor\" stroke-width=\"0\" viewBox=\"0 0 512 512\" height=\"1em\" width=\"1em\" xmlns=\"http:\/\/www.w3.org\/2000\/svg\"><path d=\"M256 8C119 8 8 119 8 256s111 248 248 248 248-111 248-248S393 8 256 8z\"><\/path><\/svg><\/div><div class=\"ctl-6 timeline-block-detail\"><div class=\"story-details\"><div class=\"story-content\">\n<h3 class=\"wp-block-heading ctlb-block-title\" style=\"padding-top:0px;padding-right:0px;padding-bottom:0px;padding-left:0px\"><strong>XX<\/strong>\u00a0Campeonato<\/h3>\n\n\n\n<p class=\"ctlb-block-desc\" style=\"padding-top:0px;padding-right:0px;padding-bottom:0px;padding-left:0px\">Celebrado en Trabazos de Aliste y Santiago de Compostela.<\/p>\n\n\n\n<figure data-wp-context=\"{&quot;imageId&quot;:&quot;69f517d7a5f93&quot;}\" data-wp-interactive=\"core\/image\" data-wp-key=\"69f517d7a5f93\" class=\"wp-block-image size-large wp-lightbox-container\"><img decoding=\"async\" data-wp-class--hide=\"state.isContentHidden\" data-wp-class--show=\"state.isContentVisible\" data-wp-init=\"callbacks.setButtonStyles\" data-wp-on--click=\"actions.showLightbox\" data-wp-on--load=\"callbacks.setButtonStyles\" data-wp-on-window--resize=\"callbacks.setButtonStyles\" src=\"https:\/\/www.casagalega.com\/wp_cgh\/wp-content\/uploads\/Web-Uploads-Puntuales\/liga_2009_manzaneda.jpg\" alt=\"\"\/><button\n\t\t\tclass=\"lightbox-trigger\"\n\t\t\ttype=\"button\"\n\t\t\taria-haspopup=\"dialog\"\n\t\t\taria-label=\"Agrandar\"\n\t\t\tdata-wp-init=\"callbacks.initTriggerButton\"\n\t\t\tdata-wp-on--click=\"actions.showLightbox\"\n\t\t\tdata-wp-style--right=\"state.imageButtonRight\"\n\t\t\tdata-wp-style--top=\"state.imageButtonTop\"\n\t\t>\n\t\t\t<svg xmlns=\"http:\/\/www.w3.org\/2000\/svg\" width=\"12\" height=\"12\" fill=\"none\" viewBox=\"0 0 12 12\">\n\t\t\t\t<path fill=\"#fff\" d=\"M2 0a2 2 0 0 0-2 2v2h1.5V2a.5.5 0 0 1 .5-.5h2V0H2Zm2 10.5H2a.5.5 0 0 1-.5-.5V8H0v2a2 2 0 0 0 2 2h2v-1.5ZM8 12v-1.5h2a.5.5 0 0 0 .5-.5V8H12v2a2 2 0 0 1-2 2H8Zm2-12a2 2 0 0 1 2 2v2h-1.5V2a.5.5 0 0 0-.5-.5H8V0h2Z\" \/>\n\t\t\t<\/svg>\n\t\t<\/button><\/figure>\n<\/div><\/div><\/div><\/div><\/div><\/div>\n\n\n\n<div class=\"wp-block-cp-timeline-content-timeline-child swiper-slide\"><div class=\"timeline-content icon-false \"><div class=\"timeline-block-timeline ctl-row  position-right\"><div class=\"ctl-6 timeline-block-time\"><div class=\"story-time\"><p>2008-2009<\/p><\/div><\/div><div class=\"timeline-block-icon\"><svg stroke=\"currentColor\" fill=\"currentColor\" stroke-width=\"0\" viewBox=\"0 0 512 512\" height=\"1em\" width=\"1em\" xmlns=\"http:\/\/www.w3.org\/2000\/svg\"><path d=\"M256 8C119 8 8 119 8 256s111 248 248 248 248-111 248-248S393 8 256 8z\"><\/path><\/svg><\/div><div class=\"ctl-6 timeline-block-detail\"><div class=\"story-details\"><div class=\"story-content\">\n<h3 class=\"wp-block-heading ctlb-block-title\" style=\"padding-top:0px;padding-right:0px;padding-bottom:0px;padding-left:0px\"><strong>XIX<\/strong>\u00a0Campeonato<\/h3>\n\n\n\n<p class=\"ctlb-block-desc\" style=\"padding-top:0px;padding-right:0px;padding-bottom:0px;padding-left:0px\">Celebrado en Viana do Castelo,\u00a0Aveiro y Cabeza de Manzaneda.<\/p>\n\n\n\n<figure data-wp-context=\"{&quot;imageId&quot;:&quot;69f517d7a6169&quot;}\" data-wp-interactive=\"core\/image\" data-wp-key=\"69f517d7a6169\" class=\"wp-block-image size-large wp-lightbox-container\"><img decoding=\"async\" data-wp-class--hide=\"state.isContentHidden\" data-wp-class--show=\"state.isContentVisible\" data-wp-init=\"callbacks.setButtonStyles\" data-wp-on--click=\"actions.showLightbox\" data-wp-on--load=\"callbacks.setButtonStyles\" data-wp-on-window--resize=\"callbacks.setButtonStyles\" src=\"https:\/\/www.casagalega.com\/wp_cgh\/wp-content\/uploads\/Web-Uploads-Puntuales\/2009Manzaneda.jpg\" alt=\"\"\/><button\n\t\t\tclass=\"lightbox-trigger\"\n\t\t\ttype=\"button\"\n\t\t\taria-haspopup=\"dialog\"\n\t\t\taria-label=\"Agrandar\"\n\t\t\tdata-wp-init=\"callbacks.initTriggerButton\"\n\t\t\tdata-wp-on--click=\"actions.showLightbox\"\n\t\t\tdata-wp-style--right=\"state.imageButtonRight\"\n\t\t\tdata-wp-style--top=\"state.imageButtonTop\"\n\t\t>\n\t\t\t<svg xmlns=\"http:\/\/www.w3.org\/2000\/svg\" width=\"12\" height=\"12\" fill=\"none\" viewBox=\"0 0 12 12\">\n\t\t\t\t<path fill=\"#fff\" d=\"M2 0a2 2 0 0 0-2 2v2h1.5V2a.5.5 0 0 1 .5-.5h2V0H2Zm2 10.5H2a.5.5 0 0 1-.5-.5V8H0v2a2 2 0 0 0 2 2h2v-1.5ZM8 12v-1.5h2a.5.5 0 0 0 .5-.5V8H12v2a2 2 0 0 1-2 2H8Zm2-12a2 2 0 0 1 2 2v2h-1.5V2a.5.5 0 0 0-.5-.5H8V0h2Z\" \/>\n\t\t\t<\/svg>\n\t\t<\/button><\/figure>\n<\/div><\/div><\/div><\/div><\/div><\/div>\n\n\n\n<div class=\"wp-block-cp-timeline-content-timeline-child swiper-slide\"><div class=\"timeline-content icon-false \"><div class=\"timeline-block-timeline ctl-row  position-left\"><div class=\"ctl-6 timeline-block-time\"><div class=\"story-time\"><p>2007-2008<\/p><\/div><\/div><div class=\"timeline-block-icon\"><svg stroke=\"currentColor\" fill=\"currentColor\" stroke-width=\"0\" viewBox=\"0 0 512 512\" height=\"1em\" width=\"1em\" xmlns=\"http:\/\/www.w3.org\/2000\/svg\"><path d=\"M256 8C119 8 8 119 8 256s111 248 248 248 248-111 248-248S393 8 256 8z\"><\/path><\/svg><\/div><div class=\"ctl-6 timeline-block-detail\"><div class=\"story-details\"><div class=\"story-content\">\n<h3 class=\"wp-block-heading ctlb-block-title\" style=\"padding-top:0px;padding-right:0px;padding-bottom:0px;padding-left:0px\"><strong>XVIII<\/strong>\u00a0Campeonato<\/h3>\n\n\n\n<p class=\"ctlb-block-desc\" style=\"padding-top:0px;padding-right:0px;padding-bottom:0px;padding-left:0px\">Celebrado en\u00a0<strong>Hospitalet de Llobregat<\/strong>\u00a0en La Farga, conjuntamente con A<strong>.C. Rosal\u00eda de Castro de Cornell\u00e1<\/strong>. Tambi\u00e9n en Mel\u00f3n y Cabeza de Manzaneda.<\/p>\n\n\n\n<p><\/p>\n\n\n\n<figure data-wp-context=\"{&quot;imageId&quot;:&quot;69f517d7a6351&quot;}\" data-wp-interactive=\"core\/image\" data-wp-key=\"69f517d7a6351\" class=\"wp-block-image size-large wp-lightbox-container\"><img decoding=\"async\" data-wp-class--hide=\"state.isContentHidden\" data-wp-class--show=\"state.isContentVisible\" data-wp-init=\"callbacks.setButtonStyles\" data-wp-on--click=\"actions.showLightbox\" data-wp-on--load=\"callbacks.setButtonStyles\" data-wp-on-window--resize=\"callbacks.setButtonStyles\" src=\"https:\/\/www.casagalega.com\/wp_cgh\/wp-content\/uploads\/Web-Uploads-Puntuales\/2007Farga.jpg\" alt=\"\"\/><button\n\t\t\tclass=\"lightbox-trigger\"\n\t\t\ttype=\"button\"\n\t\t\taria-haspopup=\"dialog\"\n\t\t\taria-label=\"Agrandar\"\n\t\t\tdata-wp-init=\"callbacks.initTriggerButton\"\n\t\t\tdata-wp-on--click=\"actions.showLightbox\"\n\t\t\tdata-wp-style--right=\"state.imageButtonRight\"\n\t\t\tdata-wp-style--top=\"state.imageButtonTop\"\n\t\t>\n\t\t\t<svg xmlns=\"http:\/\/www.w3.org\/2000\/svg\" width=\"12\" height=\"12\" fill=\"none\" viewBox=\"0 0 12 12\">\n\t\t\t\t<path fill=\"#fff\" d=\"M2 0a2 2 0 0 0-2 2v2h1.5V2a.5.5 0 0 1 .5-.5h2V0H2Zm2 10.5H2a.5.5 0 0 1-.5-.5V8H0v2a2 2 0 0 0 2 2h2v-1.5ZM8 12v-1.5h2a.5.5 0 0 0 .5-.5V8H12v2a2 2 0 0 1-2 2H8Zm2-12a2 2 0 0 1 2 2v2h-1.5V2a.5.5 0 0 0-.5-.5H8V0h2Z\" \/>\n\t\t\t<\/svg>\n\t\t<\/button><\/figure>\n<\/div><\/div><\/div><\/div><\/div><\/div>\n\n\n\n<div class=\"wp-block-cp-timeline-content-timeline-child swiper-slide\"><div class=\"timeline-content icon-false \"><div class=\"timeline-block-timeline ctl-row  position-right\"><div class=\"ctl-6 timeline-block-time\"><div class=\"story-time\"><p>2006-2007<\/p><\/div><\/div><div class=\"timeline-block-icon\"><svg stroke=\"currentColor\" fill=\"currentColor\" stroke-width=\"0\" viewBox=\"0 0 512 512\" height=\"1em\" width=\"1em\" xmlns=\"http:\/\/www.w3.org\/2000\/svg\"><path d=\"M256 8C119 8 8 119 8 256s111 248 248 248 248-111 248-248S393 8 256 8z\"><\/path><\/svg><\/div><div class=\"ctl-6 timeline-block-detail\"><div class=\"story-details\"><div class=\"story-content\">\n<h3 class=\"wp-block-heading ctlb-block-title\" style=\"padding-top:0px;padding-right:0px;padding-bottom:0px;padding-left:0px\"><strong>XVII<\/strong>\u00a0Campeonato<\/h3>\n\n\n\n<p class=\"ctlb-block-desc\" style=\"padding-top:0px;padding-right:0px;padding-bottom:0px;padding-left:0px\">Celebrado en \u00a0Madrid, Villaviciosa y Cabeza de Manzaneda.<\/p>\n\n\n\n<figure data-wp-context=\"{&quot;imageId&quot;:&quot;69f517d7a6526&quot;}\" data-wp-interactive=\"core\/image\" data-wp-key=\"69f517d7a6526\" class=\"wp-block-image size-large wp-lightbox-container\"><img decoding=\"async\" data-wp-class--hide=\"state.isContentHidden\" data-wp-class--show=\"state.isContentVisible\" data-wp-init=\"callbacks.setButtonStyles\" data-wp-on--click=\"actions.showLightbox\" data-wp-on--load=\"callbacks.setButtonStyles\" data-wp-on-window--resize=\"callbacks.setButtonStyles\" src=\"https:\/\/www.casagalega.com\/wp_cgh\/wp-content\/uploads\/Web-Uploads-Puntuales\/2007_Madrid.jpg\" alt=\"\"\/><button\n\t\t\tclass=\"lightbox-trigger\"\n\t\t\ttype=\"button\"\n\t\t\taria-haspopup=\"dialog\"\n\t\t\taria-label=\"Agrandar\"\n\t\t\tdata-wp-init=\"callbacks.initTriggerButton\"\n\t\t\tdata-wp-on--click=\"actions.showLightbox\"\n\t\t\tdata-wp-style--right=\"state.imageButtonRight\"\n\t\t\tdata-wp-style--top=\"state.imageButtonTop\"\n\t\t>\n\t\t\t<svg xmlns=\"http:\/\/www.w3.org\/2000\/svg\" width=\"12\" height=\"12\" fill=\"none\" viewBox=\"0 0 12 12\">\n\t\t\t\t<path fill=\"#fff\" d=\"M2 0a2 2 0 0 0-2 2v2h1.5V2a.5.5 0 0 1 .5-.5h2V0H2Zm2 10.5H2a.5.5 0 0 1-.5-.5V8H0v2a2 2 0 0 0 2 2h2v-1.5ZM8 12v-1.5h2a.5.5 0 0 0 .5-.5V8H12v2a2 2 0 0 1-2 2H8Zm2-12a2 2 0 0 1 2 2v2h-1.5V2a.5.5 0 0 0-.5-.5H8V0h2Z\" \/>\n\t\t\t<\/svg>\n\t\t<\/button><\/figure>\n<\/div><\/div><\/div><\/div><\/div><\/div>\n\n\n\n<div class=\"wp-block-cp-timeline-content-timeline-child swiper-slide\"><div class=\"timeline-content icon-false \"><div class=\"timeline-block-timeline ctl-row  position-left\"><div class=\"ctl-6 timeline-block-time\"><div class=\"story-time\"><p>2005-2006<\/p><\/div><\/div><div class=\"timeline-block-icon\"><svg stroke=\"currentColor\" fill=\"currentColor\" stroke-width=\"0\" viewBox=\"0 0 512 512\" height=\"1em\" width=\"1em\" xmlns=\"http:\/\/www.w3.org\/2000\/svg\"><path d=\"M256 8C119 8 8 119 8 256s111 248 248 248 248-111 248-248S393 8 256 8z\"><\/path><\/svg><\/div><div class=\"ctl-6 timeline-block-detail\"><div class=\"story-details\"><div class=\"story-content\">\n<h3 class=\"wp-block-heading ctlb-block-title\" style=\"padding-top:0px;padding-right:0px;padding-bottom:0px;padding-left:0px\"><strong>XVI<\/strong>\u00a0Campeonato<br><\/h3>\n\n\n\n<p class=\"ctlb-block-desc\" style=\"padding-top:0px;padding-right:0px;padding-bottom:0px;padding-left:0px\">Celebrado en Entrimo, Ponferrada y Cabeza de Manzaneda.<\/p>\n\n\n\n<figure data-wp-context=\"{&quot;imageId&quot;:&quot;69f517d7a66f5&quot;}\" data-wp-interactive=\"core\/image\" data-wp-key=\"69f517d7a66f5\" class=\"wp-block-image size-large wp-lightbox-container\"><img decoding=\"async\" data-wp-class--hide=\"state.isContentHidden\" data-wp-class--show=\"state.isContentVisible\" data-wp-init=\"callbacks.setButtonStyles\" data-wp-on--click=\"actions.showLightbox\" data-wp-on--load=\"callbacks.setButtonStyles\" data-wp-on-window--resize=\"callbacks.setButtonStyles\" src=\"https:\/\/www.casagalega.com\/wp_cgh\/wp-content\/uploads\/Web-Uploads-Puntuales\/P4090023.jpg\" alt=\"\"\/><button\n\t\t\tclass=\"lightbox-trigger\"\n\t\t\ttype=\"button\"\n\t\t\taria-haspopup=\"dialog\"\n\t\t\taria-label=\"Agrandar\"\n\t\t\tdata-wp-init=\"callbacks.initTriggerButton\"\n\t\t\tdata-wp-on--click=\"actions.showLightbox\"\n\t\t\tdata-wp-style--right=\"state.imageButtonRight\"\n\t\t\tdata-wp-style--top=\"state.imageButtonTop\"\n\t\t>\n\t\t\t<svg xmlns=\"http:\/\/www.w3.org\/2000\/svg\" width=\"12\" height=\"12\" fill=\"none\" viewBox=\"0 0 12 12\">\n\t\t\t\t<path fill=\"#fff\" d=\"M2 0a2 2 0 0 0-2 2v2h1.5V2a.5.5 0 0 1 .5-.5h2V0H2Zm2 10.5H2a.5.5 0 0 1-.5-.5V8H0v2a2 2 0 0 0 2 2h2v-1.5ZM8 12v-1.5h2a.5.5 0 0 0 .5-.5V8H12v2a2 2 0 0 1-2 2H8Zm2-12a2 2 0 0 1 2 2v2h-1.5V2a.5.5 0 0 0-.5-.5H8V0h2Z\" \/>\n\t\t\t<\/svg>\n\t\t<\/button><\/figure>\n\n\n\n<p class=\"ctlb-block-desc\" style=\"padding-top:0px;padding-right:0px;padding-bottom:0px;padding-left:0px\"><\/p>\n<\/div><\/div><\/div><\/div><\/div><\/div>\n\n\n\n<div class=\"wp-block-cp-timeline-content-timeline-child swiper-slide\"><div class=\"timeline-content icon-false \"><div class=\"timeline-block-timeline ctl-row  position-right\"><div class=\"ctl-6 timeline-block-time\"><div class=\"story-time\"><p>2004-2005<\/p><\/div><\/div><div class=\"timeline-block-icon\"><svg stroke=\"currentColor\" fill=\"currentColor\" stroke-width=\"0\" viewBox=\"0 0 512 512\" height=\"1em\" width=\"1em\" xmlns=\"http:\/\/www.w3.org\/2000\/svg\"><path d=\"M256 8C119 8 8 119 8 256s111 248 248 248 248-111 248-248S393 8 256 8z\"><\/path><\/svg><\/div><div class=\"ctl-6 timeline-block-detail\"><div class=\"story-details\"><div class=\"story-content\">\n<h3 class=\"wp-block-heading ctlb-block-title\" style=\"padding-top:0px;padding-right:0px;padding-bottom:0px;padding-left:0px\"><strong>XV<\/strong>\u00a0Campeonato<br><\/h3>\n\n\n\n<p class=\"ctlb-block-desc\" style=\"padding-top:0px;padding-right:0px;padding-bottom:0px;padding-left:0px\">Celebrado Amoeiro, Aveiro y Cabeza de Manzaneda.<\/p>\n\n\n\n<figure data-wp-context=\"{&quot;imageId&quot;:&quot;69f517d7a68e1&quot;}\" data-wp-interactive=\"core\/image\" data-wp-key=\"69f517d7a68e1\" class=\"wp-block-image size-large wp-lightbox-container\"><img decoding=\"async\" data-wp-class--hide=\"state.isContentHidden\" data-wp-class--show=\"state.isContentVisible\" data-wp-init=\"callbacks.setButtonStyles\" data-wp-on--click=\"actions.showLightbox\" data-wp-on--load=\"callbacks.setButtonStyles\" data-wp-on-window--resize=\"callbacks.setButtonStyles\" src=\"https:\/\/www.casagalega.com\/wp_cgh\/wp-content\/uploads\/Web-Uploads-Puntuales\/Liga_2004_amoeiro.jpg\" alt=\"\"\/><button\n\t\t\tclass=\"lightbox-trigger\"\n\t\t\ttype=\"button\"\n\t\t\taria-haspopup=\"dialog\"\n\t\t\taria-label=\"Agrandar\"\n\t\t\tdata-wp-init=\"callbacks.initTriggerButton\"\n\t\t\tdata-wp-on--click=\"actions.showLightbox\"\n\t\t\tdata-wp-style--right=\"state.imageButtonRight\"\n\t\t\tdata-wp-style--top=\"state.imageButtonTop\"\n\t\t>\n\t\t\t<svg xmlns=\"http:\/\/www.w3.org\/2000\/svg\" width=\"12\" height=\"12\" fill=\"none\" viewBox=\"0 0 12 12\">\n\t\t\t\t<path fill=\"#fff\" d=\"M2 0a2 2 0 0 0-2 2v2h1.5V2a.5.5 0 0 1 .5-.5h2V0H2Zm2 10.5H2a.5.5 0 0 1-.5-.5V8H0v2a2 2 0 0 0 2 2h2v-1.5ZM8 12v-1.5h2a.5.5 0 0 0 .5-.5V8H12v2a2 2 0 0 1-2 2H8Zm2-12a2 2 0 0 1 2 2v2h-1.5V2a.5.5 0 0 0-.5-.5H8V0h2Z\" \/>\n\t\t\t<\/svg>\n\t\t<\/button><\/figure>\n\n\n\n<p class=\"ctlb-block-desc\" style=\"padding-top:0px;padding-right:0px;padding-bottom:0px;padding-left:0px\"><\/p>\n<\/div><\/div><\/div><\/div><\/div><\/div>\n\n\n\n<div class=\"wp-block-cp-timeline-content-timeline-child swiper-slide\"><div class=\"timeline-content icon-false \"><div class=\"timeline-block-timeline ctl-row  position-left\"><div class=\"ctl-6 timeline-block-time\"><div class=\"story-time\"><p>2003-2004<\/p><\/div><\/div><div class=\"timeline-block-icon\"><svg stroke=\"currentColor\" fill=\"currentColor\" stroke-width=\"0\" viewBox=\"0 0 512 512\" height=\"1em\" width=\"1em\" xmlns=\"http:\/\/www.w3.org\/2000\/svg\"><path d=\"M256 8C119 8 8 119 8 256s111 248 248 248 248-111 248-248S393 8 256 8z\"><\/path><\/svg><\/div><div class=\"ctl-6 timeline-block-detail\"><div class=\"story-details\"><div class=\"story-content\">\n<h3 class=\"wp-block-heading ctlb-block-title\" style=\"padding-top:0px;padding-right:0px;padding-bottom:0px;padding-left:0px\"><strong>XIV<\/strong>\u00a0Campeonato<br><\/h3>\n\n\n\n<p class=\"ctlb-block-desc\" style=\"padding-top:0px;padding-right:0px;padding-bottom:0px;padding-left:0px\">Celebrado en Vilamart\u00edn de Valdeorras, B\u00f3veda y Cabeza de Manzaneda.<\/p>\n\n\n\n<figure data-wp-context=\"{&quot;imageId&quot;:&quot;69f517d7a6add&quot;}\" data-wp-interactive=\"core\/image\" data-wp-key=\"69f517d7a6add\" class=\"wp-block-image size-large wp-lightbox-container\"><img decoding=\"async\" data-wp-class--hide=\"state.isContentHidden\" data-wp-class--show=\"state.isContentVisible\" data-wp-init=\"callbacks.setButtonStyles\" data-wp-on--click=\"actions.showLightbox\" data-wp-on--load=\"callbacks.setButtonStyles\" data-wp-on-window--resize=\"callbacks.setButtonStyles\" src=\"https:\/\/www.casagalega.com\/wp_cgh\/wp-content\/uploads\/Web-Uploads-Puntuales\/Liga_2004.jpg\" alt=\"\"\/><button\n\t\t\tclass=\"lightbox-trigger\"\n\t\t\ttype=\"button\"\n\t\t\taria-haspopup=\"dialog\"\n\t\t\taria-label=\"Agrandar\"\n\t\t\tdata-wp-init=\"callbacks.initTriggerButton\"\n\t\t\tdata-wp-on--click=\"actions.showLightbox\"\n\t\t\tdata-wp-style--right=\"state.imageButtonRight\"\n\t\t\tdata-wp-style--top=\"state.imageButtonTop\"\n\t\t>\n\t\t\t<svg xmlns=\"http:\/\/www.w3.org\/2000\/svg\" width=\"12\" height=\"12\" fill=\"none\" viewBox=\"0 0 12 12\">\n\t\t\t\t<path fill=\"#fff\" d=\"M2 0a2 2 0 0 0-2 2v2h1.5V2a.5.5 0 0 1 .5-.5h2V0H2Zm2 10.5H2a.5.5 0 0 1-.5-.5V8H0v2a2 2 0 0 0 2 2h2v-1.5ZM8 12v-1.5h2a.5.5 0 0 0 .5-.5V8H12v2a2 2 0 0 1-2 2H8Zm2-12a2 2 0 0 1 2 2v2h-1.5V2a.5.5 0 0 0-.5-.5H8V0h2Z\" \/>\n\t\t\t<\/svg>\n\t\t<\/button><\/figure>\n<\/div><\/div><\/div><\/div><\/div><\/div>\n\n\n\n<div class=\"wp-block-cp-timeline-content-timeline-child swiper-slide\"><div class=\"timeline-content icon-false \"><div class=\"timeline-block-timeline ctl-row  position-right\"><div class=\"ctl-6 timeline-block-time\"><div class=\"story-time\"><p>2002-2003<\/p><\/div><\/div><div class=\"timeline-block-icon\"><svg stroke=\"currentColor\" fill=\"currentColor\" stroke-width=\"0\" viewBox=\"0 0 512 512\" height=\"1em\" width=\"1em\" xmlns=\"http:\/\/www.w3.org\/2000\/svg\"><path d=\"M256 8C119 8 8 119 8 256s111 248 248 248 248-111 248-248S393 8 256 8z\"><\/path><\/svg><\/div><div class=\"ctl-6 timeline-block-detail\"><div class=\"story-details\"><div class=\"story-content\">\n<h3 class=\"wp-block-heading ctlb-block-title\" style=\"padding-top:0px;padding-right:0px;padding-bottom:0px;padding-left:0px\"><strong>XIII<\/strong>\u00a0Campeonato<\/h3>\n\n\n\n<p class=\"ctlb-block-desc\" style=\"padding-top:0px;padding-right:0px;padding-bottom:0px;padding-left:0px\">Celebrado en Xinzo de Limia, Escairon y Cabeza de Manzaneda.<\/p>\n\n\n\n<figure data-wp-context=\"{&quot;imageId&quot;:&quot;69f517d7a6cab&quot;}\" data-wp-interactive=\"core\/image\" data-wp-key=\"69f517d7a6cab\" class=\"wp-block-image size-large wp-lightbox-container\"><img decoding=\"async\" data-wp-class--hide=\"state.isContentHidden\" data-wp-class--show=\"state.isContentVisible\" data-wp-init=\"callbacks.setButtonStyles\" data-wp-on--click=\"actions.showLightbox\" data-wp-on--load=\"callbacks.setButtonStyles\" data-wp-on-window--resize=\"callbacks.setButtonStyles\" src=\"https:\/\/www.casagalega.com\/wp_cgh\/wp-content\/uploads\/Web-Uploads-Puntuales\/gaita1.jpg\" alt=\"\"\/><button\n\t\t\tclass=\"lightbox-trigger\"\n\t\t\ttype=\"button\"\n\t\t\taria-haspopup=\"dialog\"\n\t\t\taria-label=\"Agrandar\"\n\t\t\tdata-wp-init=\"callbacks.initTriggerButton\"\n\t\t\tdata-wp-on--click=\"actions.showLightbox\"\n\t\t\tdata-wp-style--right=\"state.imageButtonRight\"\n\t\t\tdata-wp-style--top=\"state.imageButtonTop\"\n\t\t>\n\t\t\t<svg xmlns=\"http:\/\/www.w3.org\/2000\/svg\" width=\"12\" height=\"12\" fill=\"none\" viewBox=\"0 0 12 12\">\n\t\t\t\t<path fill=\"#fff\" d=\"M2 0a2 2 0 0 0-2 2v2h1.5V2a.5.5 0 0 1 .5-.5h2V0H2Zm2 10.5H2a.5.5 0 0 1-.5-.5V8H0v2a2 2 0 0 0 2 2h2v-1.5ZM8 12v-1.5h2a.5.5 0 0 0 .5-.5V8H12v2a2 2 0 0 1-2 2H8Zm2-12a2 2 0 0 1 2 2v2h-1.5V2a.5.5 0 0 0-.5-.5H8V0h2Z\" \/>\n\t\t\t<\/svg>\n\t\t<\/button><\/figure>\n<\/div><\/div><\/div><\/div><\/div><\/div>\n\n\n\n<div class=\"wp-block-cp-timeline-content-timeline-child swiper-slide\"><div class=\"timeline-content icon-false \"><div class=\"timeline-block-timeline ctl-row  position-left\"><div class=\"ctl-6 timeline-block-time\"><div class=\"story-time\"><p>2001-2002<\/p><\/div><\/div><div class=\"timeline-block-icon\"><svg stroke=\"currentColor\" fill=\"currentColor\" stroke-width=\"0\" viewBox=\"0 0 512 512\" height=\"1em\" width=\"1em\" xmlns=\"http:\/\/www.w3.org\/2000\/svg\"><path d=\"M256 8C119 8 8 119 8 256s111 248 248 248 248-111 248-248S393 8 256 8z\"><\/path><\/svg><\/div><div class=\"ctl-6 timeline-block-detail\"><div class=\"story-details\"><div class=\"story-content\">\n<h3 class=\"wp-block-heading ctlb-block-title\" style=\"padding-top:0px;padding-right:0px;padding-bottom:0px;padding-left:0px\"><strong>XII<\/strong>\u00a0Campeonato<br><\/h3>\n\n\n\n<p class=\"ctlb-block-desc\" style=\"padding-top:0px;padding-right:0px;padding-bottom:0px;padding-left:0px\">Celebrado en Viveiro, Viana Do Bolo y Valladolid.<\/p>\n\n\n\n<figure data-wp-context=\"{&quot;imageId&quot;:&quot;69f517d7a6e83&quot;}\" data-wp-interactive=\"core\/image\" data-wp-key=\"69f517d7a6e83\" class=\"wp-block-image size-large wp-lightbox-container\"><img decoding=\"async\" data-wp-class--hide=\"state.isContentHidden\" data-wp-class--show=\"state.isContentVisible\" data-wp-init=\"callbacks.setButtonStyles\" data-wp-on--click=\"actions.showLightbox\" data-wp-on--load=\"callbacks.setButtonStyles\" data-wp-on-window--resize=\"callbacks.setButtonStyles\" src=\"https:\/\/www.casagalega.com\/wp_cgh\/wp-content\/uploads\/Web-Uploads-Puntuales\/Liga_2002_.jpg\" alt=\"\"\/><button\n\t\t\tclass=\"lightbox-trigger\"\n\t\t\ttype=\"button\"\n\t\t\taria-haspopup=\"dialog\"\n\t\t\taria-label=\"Agrandar\"\n\t\t\tdata-wp-init=\"callbacks.initTriggerButton\"\n\t\t\tdata-wp-on--click=\"actions.showLightbox\"\n\t\t\tdata-wp-style--right=\"state.imageButtonRight\"\n\t\t\tdata-wp-style--top=\"state.imageButtonTop\"\n\t\t>\n\t\t\t<svg xmlns=\"http:\/\/www.w3.org\/2000\/svg\" width=\"12\" height=\"12\" fill=\"none\" viewBox=\"0 0 12 12\">\n\t\t\t\t<path fill=\"#fff\" d=\"M2 0a2 2 0 0 0-2 2v2h1.5V2a.5.5 0 0 1 .5-.5h2V0H2Zm2 10.5H2a.5.5 0 0 1-.5-.5V8H0v2a2 2 0 0 0 2 2h2v-1.5ZM8 12v-1.5h2a.5.5 0 0 0 .5-.5V8H12v2a2 2 0 0 1-2 2H8Zm2-12a2 2 0 0 1 2 2v2h-1.5V2a.5.5 0 0 0-.5-.5H8V0h2Z\" \/>\n\t\t\t<\/svg>\n\t\t<\/button><\/figure>\n<\/div><\/div><\/div><\/div><\/div><\/div>\n\n\n\n<div class=\"wp-block-cp-timeline-content-timeline-child swiper-slide\"><div class=\"timeline-content icon-false \"><div class=\"timeline-block-timeline ctl-row  position-right\"><div class=\"ctl-6 timeline-block-time\"><div class=\"story-time\"><p>2000-2001<\/p><\/div><\/div><div class=\"timeline-block-icon\"><svg stroke=\"currentColor\" fill=\"currentColor\" stroke-width=\"0\" viewBox=\"0 0 512 512\" height=\"1em\" width=\"1em\" xmlns=\"http:\/\/www.w3.org\/2000\/svg\"><path d=\"M256 8C119 8 8 119 8 256s111 248 248 248 248-111 248-248S393 8 256 8z\"><\/path><\/svg><\/div><div class=\"ctl-6 timeline-block-detail\"><div class=\"story-details\"><div class=\"story-content\">\n<h3 class=\"wp-block-heading ctlb-block-title\" style=\"padding-top:0px;padding-right:0px;padding-bottom:0px;padding-left:0px\"><strong>XI<\/strong>\u00a0Campeonato<\/h3>\n\n\n\n<p class=\"ctlb-block-desc\" style=\"padding-top:0px;padding-right:0px;padding-bottom:0px;padding-left:0px\">Celebrado en Teo, () y Muras. Fue la primera participaci\u00f3n en la\u00a0<strong>Liga de Bandas<\/strong>.<\/p>\n<\/div><\/div><\/div><\/div><\/div><\/div>\n<\/div><\/div><\/div><\/div>\n\n\n\n<p><strong>2023<\/strong><\/p>\n\n\n\n<p style=\"text-align: left;\" align=\"justify\"><strong>XIV Certame Celt\u00edbero Bandas de Gaitas &#8211; Xinzo De Limia &#8211; 2023<\/strong><\/p>\n<p style=\"text-align: center;\"><iframe loading=\"lazy\" src=\"https:\/\/www.youtube.com\/embed\/kxZa08PqVPo?si=DrytMhLm1_KPVzVL&amp;t=10950\" width=\"560\" height=\"315\" frameborder=\"0\" allowfullscreen=\"allowfullscreen\"><\/iframe><\/p>\n\n\n<p><strong>Liga 2015 &#8211; 2016<\/strong><\/p>\n<p align=\"justify\">Ya como colaboradora de Banda Xuntanza de Catalunya se participa en la XXV Edici\u00f3n de la liga de bandas en Santiago de Compostela y en Carballi\u00f1o.<\/p>\n<p style=\"text-align: center;\"><iframe loading=\"lazy\" src=\"https:\/\/www.youtube.com\/embed\/JjLQp8hQcWQ\" width=\"560\" height=\"315\" frameborder=\"0\" allowfullscreen=\"allowfullscreen\"><\/iframe><\/p>\n<p style=\"text-align: center;\"><iframe loading=\"lazy\" src=\"https:\/\/www.youtube.com\/embed\/Es-l6zzALFU\" width=\"560\" height=\"315\" frameborder=\"0\" allowfullscreen=\"allowfullscreen\"><\/iframe><\/p>\n\n\n\n\n<p align=\"justify\"><strong>Liga 2012 &#8211; 2013<\/strong><\/p>\n<p align=\"justify\">XXIII Banda Xuntanza se presenta a esta nueva edici\u00f3n con un nuevo estilo. (A.C. Cornell\u00e1, CG Badalona y Casa Galega de Hospitalet).<\/p>\n<p align=\"justify\">La formaci\u00f3n Banda Xuntanza Junior tambi\u00e9n se presenta a esta edici\u00f3n con muy buenos resultados.<\/p>\n<p style=\"text-align: center;\" align=\"justify\"><strong>Banda Xuntanza Grado 1<\/strong><\/p>\n<p style=\"text-align: center;\"><iframe loading=\"lazy\" src=\"https:\/\/www.youtube.com\/embed\/uozQ1NEG7Ag\" width=\"560\" height=\"315\" frameborder=\"0\"><\/iframe><\/p>\n<p style=\"text-align: center;\"><strong>Banda Xuntanza B &#8211; Grado 3<\/strong><\/p>\n<p style=\"text-align: center;\"><iframe loading=\"lazy\" src=\"https:\/\/www.youtube.com\/embed\/GiFf7ad1JmM\" width=\"560\" height=\"315\" frameborder=\"0\" allowfullscreen=\"allowfullscreen\"><\/iframe><\/p>\n\n\n\n<p><strong>Liga 2011 &#8211; 2012<\/strong><\/p>\n<p>XXII ya como formaci\u00f3n Banda Xuntana (Toxos, Cornell\u00e1 ,Badalona y Hospitalet) participamos en el concurso.<\/p>\n<p style=\"text-align: center;\"><img loading=\"lazy\" decoding=\"async\" title=\"XXII - Liga de Bandas - Santiago de Compostela\" src=\"http:\/\/www.casagalega.com\/images\/fotos\/concursos\/liga_bandas\/fotos_libretos\/campeonato_2012_fase_01.jpg\" alt=\"XXII - Liga de Bandas\" width=\"190\" height=\"260\">&nbsp;<img loading=\"lazy\" decoding=\"async\" title=\"XXII - Liga de Bandas - Lalin\" src=\"http:\/\/www.casagalega.com\/images\/fotos\/concursos\/liga_bandas\/fotos_libretos\/campeonato_2012_fase_02.jpg\" alt=\"XXII Liga de Bandas de Gaitas\" width=\"190\" height=\"260\"><\/p>\n<p>V\u00eddeo de Jos\u00e9 Miguel G\u00f3mez &#8211; Youtube, gracias!<\/p>\n<p style=\"text-align: center;\"><iframe loading=\"lazy\" src=\"https:\/\/www.youtube.com\/embed\/cUeLsDHCCcY\" width=\"560\" height=\"315\" frameborder=\"0\" allowfullscreen=\"allowfullscreen\"><\/iframe><\/p>\n<p style=\"text-align: center;\">Banda Xuntanza A &#8211; Grado 1<\/p>\n<p style=\"text-align: center;\"><iframe loading=\"lazy\" src=\"https:\/\/www.youtube.com\/embed\/cA8MaBIbkog\" width=\"560\" height=\"315\" frameborder=\"0\" allowfullscreen=\"allowfullscreen\"><\/iframe><\/p>\n\n\n\n<div style=\"text-align: left;\"><strong>Liga 2010 &#8211; 2011<\/strong><\/div>\n<p style=\"text-align: left;\">La XXI edici\u00f3n del campeonato da liga galega de Bandas, se celebra en Pontevedra (la primera fase) y en Villalba (Lugo) la segunda fase.<\/p>\n<p style=\"text-align: center;\"><img loading=\"lazy\" decoding=\"async\" class=\"alignnone\" title=\"XXI - Liga de Bandas - Pontevedra\" src=\"http:\/\/www.casagalega.com\/images\/fotos\/concursos\/liga_bandas\/fotos_libretos\/campeonato_2011_fase_01.jpg\" alt=\"XXI - Liga de Bandas\" width=\"196\" height=\"276\">&nbsp;<img loading=\"lazy\" decoding=\"async\" class=\"alignnone\" title=\"XXI - Liga de Bandas - Villalba\" src=\"http:\/\/www.casagalega.com\/images\/fotos\/concursos\/liga_bandas\/fotos_libretos\/campeonato_2011_fase_02.jpg\" alt=\"XXI Liga de Bandas de Gaitas\" width=\"196\" height=\"276\"><\/p>\n<p style=\"text-align: left;\">Esta primera fase tiene un aliciente especial, la uni\u00f3n con <a href=\"https:\/\/www.toxosexestas.com\/\" target=\"_blank\" rel=\"noopener\"><strong>Toxos E Xestas de Barcelona.<\/strong><\/a> As\u00ed con <a href=\"http:\/\/www.acgrosaliadecastro.es\/\" target=\"_blank\" rel=\"noopener\">A.C. Rosal\u00eda de Castro<\/a> de Cornell\u00e1 y Casa Galega (ya unidas desde 2008) se ha formado una banda de m\u00e1s de 50 componentes.<\/p>\n<p style=\"text-align: center;\"><iframe loading=\"lazy\" src=\"https:\/\/www.youtube.com\/embed\/IasLe8kIvIE\" width=\"560\" height=\"315\" frameborder=\"0\" allowfullscreen=\"allowfullscreen\"><\/iframe><\/p>\n<p>&nbsp;<\/p>\n\n\n\n<div style=\"text-align: left;\"><strong>Liga 2009 &#8211; 2010<\/strong><\/div>\n<p style=\"text-align: left;\">En la XX edici\u00f3n del campeonato da liga galega de Bandas de Gaitas, s\u00f3lo se celebrar\u00e1n dos fases. Trabazos de Aliste y Santiago de Compostela.<\/p>\n<p align=\"center\"><img loading=\"lazy\" decoding=\"async\" class=\"\" style=\"margin: 3px; border-width: 0px;\" title=\"XX Campeonato Liga Galega\" src=\"http:\/\/www.casagalega.com\/images\/fotos\/concursos\/liga_bandas\/fotos_libretos\/campeonato_2010_fase_01.jpg\" alt=\"Liga de Bandas\" width=\"196\" height=\"276\" border=\"0\" hspace=\"3\" vspace=\"3\"><img loading=\"lazy\" decoding=\"async\" class=\"\" style=\"border: 0px;\" title=\"XX Campeonato Liga Galega\" src=\"http:\/\/www.casagalega.com\/images\/fotos\/concursos\/liga_bandas\/fotos_libretos\/campeonato_2010_fase_02.jpg\" alt=\"XX Liga de Bandas\" width=\"196\" height=\"276\" border=\"0\"><\/p>\n<p>Se han celebrado en Trabazos de Aliste (Zamora) y Santiago.<\/p>\n<p>Fragmento de <a href=\"https:\/\/www.cyltv.es\/\" target=\"_blank\" rel=\"noopener\">CyL TV<\/a> &#8211; La 8 Zamora. Gracias!<\/p>\n<p style=\"text-align: center;\"><iframe loading=\"lazy\" src=\"https:\/\/www.youtube.com\/embed\/TEQabPqjwtU\" width=\"560\" height=\"315\" frameborder=\"0\" allowfullscreen=\"allowfullscreen\"><\/iframe><\/p>\n<p style=\"text-align: center;\"><iframe loading=\"lazy\" src=\"https:\/\/www.youtube.com\/embed\/dcK0CPuLUjk\" width=\"560\" height=\"315\" frameborder=\"0\" allowfullscreen=\"allowfullscreen\"><\/iframe><\/p>\n<p>&nbsp;<\/p>\n\n\n\n<hr id=\"null\">\n<p><strong>Liga 2008 &#8211; 2009<\/strong><\/p>\n<p align=\"center\"><img loading=\"lazy\" decoding=\"async\" class=\"alignnone\" style=\"margin: 3px; border-width: 0px;\" title=\"XIX Campeonato Liga Galega\" src=\"http:\/\/www.casagalega.com\/images\/fotos\/concursos\/liga_bandas\/fotos_libretos\/campeonato_2009_fase_01.jpg\" alt=\"Liga de Bandas\" width=\"200\" height=\"285\" border=\"0\" hspace=\"3\" vspace=\"3\"><img loading=\"lazy\" decoding=\"async\" class=\"\" style=\"border-width: 0px;\" title=\"XIX Campeonato Liga Galega\" src=\"http:\/\/www.casagalega.com\/images\/fotos\/concursos\/liga_bandas\/fotos_libretos\/campeonato_2009_fase_02.jpg\" alt=\"XIX Liga de Bandas\" width=\"196\" height=\"276\" border=\"0\"><img loading=\"lazy\" decoding=\"async\" class=\"\" style=\"border: 0px;\" title=\"XIX Campeonato Liga Galega\" src=\"http:\/\/www.casagalega.com\/images\/fotos\/concursos\/liga_bandas\/fotos_libretos\/campeonato_2009_fase_03.jpg\" alt=\"XIX Liga de Bandas\" width=\"196\" height=\"276\" border=\"0\"><\/p>\n<p align=\"justify\">La Liga de Bandas de Gaitas del a\u00f1o 2008-2009 se celebrar\u00e1n en Viana do Castelo (Portugal),&nbsp;Aveiro (Portugal) y Cabeza de Manzaneda (Ourense)<\/p>\n<p style=\"text-align: center;\"><iframe loading=\"lazy\" src=\"https:\/\/www.youtube.com\/embed\/ScME-P-QJqE\" width=\"560\" height=\"315\" frameborder=\"0\" allowfullscreen=\"allowfullscreen\"><\/iframe><\/p>\n<p align=\"justify\">&nbsp;<\/p>\n<hr id=\"null\">\n\n\n\n<p><strong>Liga 2007 &#8211; 2008<\/strong><\/p>\n<p align=\"center\"><img loading=\"lazy\" decoding=\"async\" class=\"\" style=\"margin: 3px; border-width: 0px;\" title=\"XVIII Campeonato Liga Galega\" src=\"http:\/\/www.casagalega.com\/images\/fotos\/concursos\/liga_bandas\/fotos_libretos\/campeonato_2008_fase_01.jpg\" alt=\"Liga de Bandas\" width=\"206\" height=\"294\" border=\"0\" hspace=\"3\" vspace=\"3\"><img loading=\"lazy\" decoding=\"async\" class=\"\" style=\"margin: 3px; border-width: 0px;\" title=\"XVIII Campeonato Liga Galega\" src=\"http:\/\/www.casagalega.com\/images\/fotos\/concursos\/liga_bandas\/fotos_libretos\/campeonato_2008_fase_02.jpg\" alt=\"Liga de Bandas\" width=\"208\" height=\"292\" border=\"0\" hspace=\"3\" vspace=\"3\"><img loading=\"lazy\" decoding=\"async\" class=\"\" style=\"margin: 3px; border-width: 0px;\" title=\"XVIII Campeonato Liga Galega\" src=\"http:\/\/www.casagalega.com\/images\/fotos\/concursos\/liga_bandas\/fotos_libretos\/campeonato_2008_fase_03.jpg\" alt=\"Liga de Bandas\" width=\"202\" height=\"296\" border=\"0\" hspace=\"3\" vspace=\"3\"><\/p>\n<p align=\"justify\">La Liga de Bandas de Gaitas del a\u00f1o 2007-2008 se celebraron en&nbsp;Hospitalet de Llobregat (Barcelona),&nbsp;Mel\u00f3n (Ourense) y Cabeza de Manzaneda (Ourense).<\/p>\n<p style=\"text-align: center;\"><iframe loading=\"lazy\" src=\"https:\/\/www.youtube.com\/embed\/zZwPDwwLUQE\" width=\"560\" height=\"315\" frameborder=\"0\" allowfullscreen=\"allowfullscreen\"><\/iframe><\/p>\n\n\n\n<hr id=\"null\">\n<p><strong>Liga 2006 &#8211; 2007<\/strong><\/p>\n<p align=\"center\"><img loading=\"lazy\" decoding=\"async\" class=\"\" style=\"margin: 3px; border-width: 0px;\" title=\"XVII Campeonato Liga Galega\" src=\"http:\/\/www.casagalega.com\/images\/fotos\/concursos\/liga_bandas\/fotos_libretos\/campeonato_2007_fase_01.jpg\" alt=\"Liga de Bandas\" width=\"222\" height=\"293\" border=\"0\" hspace=\"3\" vspace=\"3\"><img loading=\"lazy\" decoding=\"async\" class=\"\" style=\"margin: 3px; border-width: 0px;\" title=\"XVII Campeonato Liga Galega\" src=\"http:\/\/www.casagalega.com\/images\/fotos\/concursos\/liga_bandas\/fotos_libretos\/campeonato_2007_fase_02.jpg\" alt=\"Liga de Bandas\" width=\"204\" height=\"291\" border=\"0\" hspace=\"3\" vspace=\"3\"><img loading=\"lazy\" decoding=\"async\" style=\"margin: 3px; border-width: 0px;\" title=\"XVII Campeonato Liga Galega\" src=\"http:\/\/www.casagalega.com\/images\/fotos\/concursos\/liga_bandas\/fotos_libretos\/campeonato_2007_fase_03.jpg\" alt=\"Liga de Bandas\" width=\"190\" height=\"260\" border=\"0\" hspace=\"3\" vspace=\"3\"><\/p>\n<p align=\"justify\">La Liga de Bandas de Gaitas del a\u00f1o 2006-2007 se celebraron en&nbsp;Madrid, Villaviciosa (Asturias) y Cabeza de Manzaneda (Ourense).<\/p>\n<p style=\"text-align: center;\"><iframe loading=\"lazy\" src=\"https:\/\/www.youtube.com\/embed\/Cg69T8J8bEU\" width=\"560\" height=\"315\" frameborder=\"0\" allowfullscreen=\"allowfullscreen\"><\/iframe><\/p>\n<hr id=\"null\">\n\n\n\n<p><strong>Liga 2005 &#8211; 2006<\/strong><\/p>\n<p align=\"center\"><img loading=\"lazy\" decoding=\"async\" class=\"\" style=\"margin: 3px; border-width: 0px;\" title=\"XVI Campeonato Liga Galega\" src=\"http:\/\/www.casagalega.com\/images\/fotos\/concursos\/liga_bandas\/fotos_libretos\/campeonato_2006_fase_01.jpg\" alt=\"Liga de Bandas\" width=\"210\" height=\"293\" border=\"0\" hspace=\"3\" vspace=\"3\"><img loading=\"lazy\" decoding=\"async\" class=\"\" style=\"margin: 3px; border-width: 0px;\" title=\"XVI Campeonato Liga Galega\" src=\"http:\/\/www.casagalega.com\/images\/fotos\/concursos\/liga_bandas\/fotos_libretos\/campeonato_2006_fase_02.jpg\" alt=\"Liga de Bandas\" width=\"205\" height=\"291\" border=\"0\" hspace=\"3\" vspace=\"3\"><img loading=\"lazy\" decoding=\"async\" class=\"\" style=\"margin: 3px; border-width: 0px;\" title=\"XVI Campeonato Liga Galega\" src=\"http:\/\/www.casagalega.com\/images\/fotos\/concursos\/liga_bandas\/fotos_libretos\/campeonato_2006_fase_03.jpg\" alt=\"Liga de Bandas\" width=\"193\" height=\"291\" border=\"0\" hspace=\"3\" vspace=\"3\"><\/p>\n<p align=\"justify\">La Liga de Bandas de Gaitas del a\u00f1o 2005-2006 se celebraron en Entrimo (Ourense), Ponferrada (Castilla y Le\u00f3n) y Cabeza de Manzaneda (Ourense).<\/p>\n<p align=\"left\">El repertorio de la Banda A de la Casa Galega de L&#8217;Hospitalet para este campeonato fue:<\/p>\n<div>\n<ul>\n<li>Santard\u00e1n<\/li>\n<li>Alal\u00e1 das Mari\u00f1as<\/li>\n<li>Xota do Xestoso do Lor<\/li>\n<li>Xiring\u00fcelu del Ramu<\/li>\n<\/ul>\n<\/div>\n<p style=\"text-align: center;\"><iframe loading=\"lazy\" src=\"https:\/\/www.youtube.com\/embed\/eK-LuoHF2nM\" width=\"560\" height=\"315\" frameborder=\"0\" allowfullscreen=\"allowfullscreen\"><\/iframe><\/p>\n<p>&nbsp;<\/p>\n\n\n\n<hr id=\"null\">\n<p><strong>Liga 2004 &#8211; 2005<\/strong><\/p>\n<p align=\"center\"><img loading=\"lazy\" decoding=\"async\" class=\"\" style=\"margin: 3px; border-width: 0px;\" title=\"XV Campeonato Liga Galega\" src=\"http:\/\/www.casagalega.com\/images\/fotos\/concursos\/liga_bandas\/fotos_libretos\/campeonato_2005_fase_01.jpg\" alt=\"Liga de Bandas\" width=\"203\" height=\"286\" border=\"0\" hspace=\"3\" vspace=\"3\"><img loading=\"lazy\" decoding=\"async\" class=\"\" style=\"margin: 3px; border-width: 0px;\" title=\"XV Campeonato Liga Galega\" src=\"http:\/\/www.casagalega.com\/images\/fotos\/concursos\/liga_bandas\/fotos_libretos\/campeonato_2005_fase_02.jpg\" alt=\"Liga de Bandas\" width=\"203\" height=\"286\" border=\"0\" hspace=\"3\" vspace=\"3\"><img loading=\"lazy\" decoding=\"async\" style=\"margin: 3px; border-width: 0px;\" title=\"XV Campeonato Liga Galega\" src=\"http:\/\/www.casagalega.com\/images\/fotos\/concursos\/liga_bandas\/fotos_libretos\/campeonato_2005_fase_03.jpg\" alt=\"Liga de Bandas\" width=\"190\" height=\"260\" border=\"0\" hspace=\"3\" vspace=\"3\"><\/p>\n<p>La Liga de Bandas de Gaitas del a\u00f1o 2004-2005 se celebraron en Amoeiro (Ourense), Aveiro (Portugal) y Cabeza de Manzaneda (Ourense).<\/p>\n<p align=\"justify\">El repertorio de la Banda A de la Casa Galega de L&#8217;Hospitalet para este campeonato fue:<\/p>\n<div>\n<ul>\n<li>Alal\u00e1 das Mari\u00f1as<\/li>\n<li>Troula de Campa\u00f1\u00f3<\/li>\n<li>Mui\u00f1eira Repunteada<\/li>\n<li>Xiring\u00fcelu del Ramu<\/li>\n<li>Alborada de Inzenga<\/li>\n<\/ul>\n<\/div>\n<p style=\"text-align: center;\"><iframe loading=\"lazy\" src=\"https:\/\/www.youtube.com\/embed\/T4zd5aZR4Ho\" width=\"560\" height=\"315\" frameborder=\"0\" allowfullscreen=\"allowfullscreen\"><\/iframe><\/p>\n<p>&nbsp;<\/p>\n\n\n\n<hr id=\"null\">\n<p><strong>Liga 2003 &#8211; 2004<\/strong><\/p>\n<p align=\"center\"><img loading=\"lazy\" decoding=\"async\" style=\"margin: 3px; border-width: 0px;\" title=\"XIV Campeonato Liga Galega\" src=\"http:\/\/www.casagalega.com\/images\/fotos\/concursos\/liga_bandas\/fotos_libretos\/campeonato_2004_fase_01.jpg\" alt=\"Liga de Bandas\" width=\"190\" height=\"260\" border=\"0\" hspace=\"3\" vspace=\"3\"><img loading=\"lazy\" decoding=\"async\" class=\"\" style=\"margin: 3px; border-width: 0px;\" title=\"XIV Campeonato Liga Galega\" src=\"http:\/\/www.casagalega.com\/images\/fotos\/concursos\/liga_bandas\/fotos_libretos\/campeonato_2004_fase_02.jpg\" alt=\"Liga de Bandas\" width=\"193\" height=\"281\" border=\"0\" hspace=\"3\" vspace=\"3\"><img loading=\"lazy\" decoding=\"async\" style=\"margin: 3px; border-width: 0px;\" title=\"XIV Campeonato Liga Galega\" src=\"http:\/\/www.casagalega.com\/images\/fotos\/concursos\/liga_bandas\/fotos_libretos\/campeonato_2004_fase_03.jpg\" alt=\"Liga de Bandas\" width=\"190\" height=\"260\" border=\"0\" hspace=\"3\" vspace=\"3\"><\/p>\n<p align=\"justify\">Es este campeonato ya participamos en primera categor\u00eda con las bandas m\u00e1s importantes de toda galicia. Como novedad en esta fase incorporamos 5 grallas, instrumento tradicional catal\u00e1n, que da un toque de originalidad a nuestra banda. Obtubimos un buen resultado.<\/p>\n<p align=\"justify\">La Liga de Bandas de Gaitas del a\u00f1o 2002-2003 se celebraron en Vilamart\u00edn de Valdeorras (Ourense), B\u00f3veda (Lugo) y Cabeza de Manzaneda (Ourense).<\/p>\n<p align=\"justify\">El repertorio de la Banda A de la Casa Galega de L&#8217;Hospitalet para este campeonato fue:<\/p>\n<div>\n<ul>\n<li>Gogo Droch<\/li>\n<li>Xota Non ten duda<\/li>\n<li>Cantiga da Ca\u00f1iza<\/li>\n<li>Alborada para a Pequena<\/li>\n<li>No Coto da Xesta<\/li>\n<li>Adeus P\u00edas Adeus Pontes<\/li>\n<\/ul>\n<p style=\"text-align: center;\"><iframe loading=\"lazy\" src=\"https:\/\/www.youtube.com\/embed\/TPzPITCV8Jk\" width=\"560\" height=\"315\" frameborder=\"0\" allowfullscreen=\"allowfullscreen\"><\/iframe><\/p>\n<p style=\"text-align: center;\"><iframe loading=\"lazy\" src=\"https:\/\/www.youtube.com\/embed\/3dXcJcAnUww\" width=\"560\" height=\"315\" frameborder=\"0\" allowfullscreen=\"allowfullscreen\"><\/iframe><\/p>\n<\/div>\n<p>&nbsp;<\/p>\n\n\n\n<hr id=\"null\">\n<p><strong>Liga 2002 &#8211; 2003<\/strong><\/p>\n<p align=\"center\"><img loading=\"lazy\" decoding=\"async\" class=\"\" style=\"margin: 3px; border-width: 0px;\" title=\"XIII Campeonato Liga Galega\" src=\"http:\/\/www.casagalega.com\/images\/fotos\/concursos\/liga_bandas\/fotos_libretos\/campeonato_2003_fase_01.jpg\" alt=\"Liga de Bandas\" width=\"197\" height=\"274\" border=\"0\" hspace=\"3\" vspace=\"3\"><img loading=\"lazy\" decoding=\"async\" class=\"\" style=\"margin: 3px; border-width: 0px;\" title=\"XIII Campeonato Liga Galega\" src=\"http:\/\/www.casagalega.com\/images\/fotos\/concursos\/liga_bandas\/fotos_libretos\/campeonato_2003_fase_02.jpg\" alt=\"Liga de Bandas\" width=\"192\" height=\"273\" border=\"0\" hspace=\"3\" vspace=\"3\"><img loading=\"lazy\" decoding=\"async\" class=\"\" style=\"margin: 3px; border-width: 0px;\" title=\"XIII Campeonato Liga Galega\" src=\"http:\/\/www.casagalega.com\/images\/fotos\/concursos\/liga_bandas\/fotos_libretos\/campeonato_2003_fase_03.jpg\" alt=\"Liga de Bandas\" width=\"179\" height=\"272\" border=\"0\" hspace=\"3\" vspace=\"3\"><\/p>\n<p>La Liga de Bandas de Gaitas del a\u00f1o 2003-2004 se celebraron en Xinzo de Limia (Ourense), Escairon (Lugo) y Cabeza de Manzaneda (Ourense).<\/p>\n<p align=\"justify\">El repertorio de la Banda A de la Casa Galega de L&#8217;Hospitalet para este campeonato fue:<\/p>\n<div>\n<ul>\n<li>Adeus P\u00edas Adeus Ponte<\/li>\n<li>Alborada para a Pequena<\/li>\n<li>Don Gaiferos &#8211; fragmento<\/li>\n<li>Jota de Pontevedra n\u00ba 350 Castro Sanpedro<\/li>\n<li>Vieiro Choido<\/li>\n<\/ul>\n<\/div>\n<p>&nbsp;<\/p>\n\n\n\n<hr id=\"null\">\n<p><strong>Liga 2001 &#8211; 2002<\/strong><\/p>\n<p align=\"center\"><img loading=\"lazy\" decoding=\"async\" style=\"margin: 3px; border-width: 0px;\" title=\"XII Campeonato Liga Galega\" src=\"http:\/\/www.casagalega.com\/images\/fotos\/concursos\/liga_bandas\/fotos_libretos\/campeonato_2002_fase_01.jpg\" alt=\"Liga de Bandas\" width=\"190\" height=\"260\" border=\"0\" hspace=\"3\" vspace=\"3\"><img loading=\"lazy\" decoding=\"async\" style=\"margin: 3px; border-width: 0px;\" title=\"XII Campeonato Liga Galega\" src=\"http:\/\/www.casagalega.com\/images\/fotos\/concursos\/liga_bandas\/fotos_libretos\/campeonato_2002_fase_02.jpg\" alt=\"Liga de Bandas\" width=\"190\" height=\"260\" border=\"0\" hspace=\"3\" vspace=\"3\"><img loading=\"lazy\" decoding=\"async\" class=\"\" style=\"margin: 3px; border-width: 0px;\" title=\"XII Campeonato Liga Galega\" src=\"http:\/\/www.casagalega.com\/images\/fotos\/concursos\/liga_bandas\/fotos_libretos\/campeonato_2002_fase_03.jpg\" alt=\"Liga de Bandas\" width=\"206\" height=\"282\" border=\"0\" hspace=\"3\" vspace=\"3\"><\/p>\n<p align=\"justify\">En este nuevo campeonato ya se integr\u00f3 la banda junior de la Casa Galega de L&#8217;Hospitalet, participando en Grado Novel, mientras que la Banda A, participaba en la segunda categor\u00eda.<\/p>\n<p align=\"justify\">La Liga de Bandas de Gaitas del a\u00f1o 2001-2002 se celebraron en Viveiro (), Viana Do Bolo (Ourense) y Valladolid.<\/p>\n<p align=\"justify\">El repertorio de la Banda A de la Casa Galega de L&#8217;Hospitalet para este campeonato fue:<\/p>\n<div>\n<ul>\n<li>Santard\u00e1n<\/li>\n<li>Fandango para Leirado<\/li>\n<li>Foliada Follas Novas<\/li>\n<li>No coto da Xesta<\/li>\n<li>Alborada 366 de Castro Sampedro<\/li>\n<li>Repinicando<\/li>\n<li>Le Boum 3<\/li>\n<li>La Scottish Infernale<\/li>\n<\/ul>\n<\/div>\n<p align=\"justify\">Ganamos el campeonato de segunda categor\u00eda. Adem\u00e1s la Banda Junior de la Casa Galega se proclam\u00f3 campeona del grado novel en su primer a\u00f1o de participaci\u00f3n.<\/p>\n<p>&nbsp;<\/p>\n\n\n\n<p><strong>Liga 2000 &#8211; 2001<\/strong><\/p>\n\n\n\n<p>Casa Galega gan\u00f3 el campeonato de tercera categor\u00eda en la XI Liga de Bandas.<\/p>\n\n\n\n<p style=\"text-align: center;\"><iframe loading=\"lazy\" src=\"https:\/\/www.youtube.com\/embed\/vLLDzGA1V9U\" width=\"560\" height=\"315\" frameborder=\"0\" allowfullscreen=\"allowfullscreen\"><\/iframe><\/p>\n\n\n\n<p>El repertorio de la Banda A de la Casa Galega de L&#8217;Hospitalet para este campeonato fue:<\/p>\n\n\n\n<ul class=\"wp-block-list\">\n<li>Pasucais de Mieres<\/li>\n\n\n\n<li>Ribeirana dos Cruceiros<\/li>\n\n\n\n<li>Troula das r\u00edas altas<\/li>\n\n\n\n<li>Foliada de Cercedo<\/li>\n\n\n\n<li>Xeitosa<\/li>\n<\/ul>\n\n\n\n<div class=\"wp-block-columns is-layout-flex wp-container-core-columns-is-layout-9d6595d7 wp-block-columns-is-layout-flex\">\n<div class=\"wp-block-column is-layout-flow wp-block-column-is-layout-flow\" style=\"flex-basis:100%\">\n<p class=\"has-text-align-center\"><img decoding=\"async\" loading=\"lazy\" style=\"margin: 3px; border-width: 0px;\" title=\"XI Campeonato Liga Galega\" src=\"http:\/\/www.casagalega.com\/images\/fotos\/concursos\/liga_bandas\/fotos_libretos\/campeonato_2001_fase_01.jpg\" alt=\"Liga de Bandas\" width=\"200\" height=\"260\" border=\"0\" hspace=\"3\" vspace=\"3\">\n<img decoding=\"async\" loading=\"lazy\" style=\"margin: 3px; border-width: 0px;\" title=\"XI Campeonato Liga Galega\" src=\"http:\/\/www.casagalega.com\/images\/fotos\/concursos\/liga_bandas\/fotos_libretos\/campeonato_2001_fase_02.jpg\" alt=\"Liga de Bandas\" width=\"180\" height=\"250\" border=\"0\" hspace=\"3\" vspace=\"3\"><img decoding=\"async\" loading=\"lazy\" style=\"margin: 3px; border-width: 0px;\" title=\"XI Campeonato Liga Galega\" src=\"http:\/\/www.casagalega.com\/images\/fotos\/concursos\/liga_bandas\/fotos_libretos\/campeonato_2001_fase_03.jpg\" alt=\"Liga de Bandas\" width=\"185\" height=\"260\" border=\"0\" hspace=\"3\" vspace=\"3\">\n<\/p>\n<\/div>\n<\/div>\n","protected":false},"excerpt":{"rendered":"<p>La Casa Galega de L&#8217;Hospitalet comenz\u00f3, a principios del a\u00f1o 2000, a participar en los Campeonatos de Ligas Gallega de&hellip;<\/p>\n","protected":false},"author":1,"featured_media":0,"parent":64,"menu_order":6,"comment_status":"closed","ping_status":"open","template":"","meta":{"ngg_post_thumbnail":0,"footnotes":""},"class_list":["post-767","page","type-page","status-publish","hentry"],"_links":{"self":[{"href":"https:\/\/www.casagalega.com\/wp_cgh\/wp-json\/wp\/v2\/pages\/767","targetHints":{"allow":["GET"]}}],"collection":[{"href":"https:\/\/www.casagalega.com\/wp_cgh\/wp-json\/wp\/v2\/pages"}],"about":[{"href":"https:\/\/www.casagalega.com\/wp_cgh\/wp-json\/wp\/v2\/types\/page"}],"author":[{"embeddable":true,"href":"https:\/\/www.casagalega.com\/wp_cgh\/wp-json\/wp\/v2\/users\/1"}],"replies":[{"embeddable":true,"href":"https:\/\/www.casagalega.com\/wp_cgh\/wp-json\/wp\/v2\/comments?post=767"}],"version-history":[{"count":199,"href":"https:\/\/www.casagalega.com\/wp_cgh\/wp-json\/wp\/v2\/pages\/767\/revisions"}],"predecessor-version":[{"id":7682,"href":"https:\/\/www.casagalega.com\/wp_cgh\/wp-json\/wp\/v2\/pages\/767\/revisions\/7682"}],"up":[{"embeddable":true,"href":"https:\/\/www.casagalega.com\/wp_cgh\/wp-json\/wp\/v2\/pages\/64"}],"wp:attachment":[{"href":"https:\/\/www.casagalega.com\/wp_cgh\/wp-json\/wp\/v2\/media?parent=767"}],"curies":[{"name":"wp","href":"https:\/\/api.w.org\/{rel}","templated":true}]}}