{"id":6527,"date":"2022-06-26T18:45:13","date_gmt":"2022-06-26T17:45:13","guid":{"rendered":"https:\/\/www.casagalega.com\/wp_cgh\/?page_id=6527"},"modified":"2025-11-13T16:39:02","modified_gmt":"2025-11-13T15:39:02","slug":"dous-mundos","status":"publish","type":"page","link":"https:\/\/www.casagalega.com\/wp_cgh\/dous-mundos\/","title":{"rendered":"Unha Xeraci\u00f3n &#8211; Dous Mundos"},"content":{"rendered":"\n<p><strong>Unha Xeraci\u00f3n &#8211; Dous Mundos<\/strong>, homenaxe \u00e1 nosa Galeguidade Comprometida. Aqu\u00ed poderase ver toda a informaci\u00f3n do evento igual que no resto de entidades colaboradoras. (<a href=\"https:\/\/www.xuntanzacatalunya.com\/\" target=\"_blank\" rel=\"noreferrer noopener\">www.xuntanzacatalunya.com<\/a>)<br><a href=\"https:\/\/www.instagram.com\/unhaxeraciondousmundos\/\" target=\"_blank\" rel=\"noreferrer noopener\">@Instagram<\/a> y <a href=\"https:\/\/www.facebook.com\/unhaxeraciondousmundos\" target=\"_blank\" rel=\"noreferrer noopener\">@Facebook<\/a> oficiales.<br>Comunicaci\u00f3n: <a href=\"mailto:comunicacion@unhaxeraciondousmundos.org\" target=\"_blank\" rel=\"noreferrer noopener\">comunicacion@unhaxeraciondousmundos.org<\/a><\/p>\n\n\n\n<p>Gala Completa celebrada en el 10\/12\/2022 en el Liceo de Barcelona, un gran espect\u00e1culo.<\/p>\n\n\n\n<p style=\"text-align: center;\"><iframe loading=\"lazy\" src=\"https:\/\/www.youtube.com\/embed\/ejkpUb5Li_U?\" width=\"560\" height=\"315\" frameborder=\"0\" allowfullscreen=\"allowfullscreen\"><\/iframe><\/p>\n<p>&nbsp;<\/p>\n\n\n<div class=\"wp-block-image\">\n<figure class=\"aligncenter size-large\"><img decoding=\"async\" src=\"\/images\/fotos\/fotografias\/DousMundos_2022\/Dous_mundos_prePortada.jpg\" alt=\"\"\/><figcaption class=\"wp-element-caption\">A sombra da Emigraci\u00f3n en Catalunya <\/figcaption><\/figure>\n<\/div>\n\n<div class=\"wp-block-image\">\n<figure class=\"aligncenter size-large is-resized\"><img decoding=\"async\" src=\"\/images\/fotos\/concursos\/DousMundos\/Cartel_dous_Mundos.jpeg\" alt=\"\" style=\"width:384px;height:512px\"\/><figcaption class=\"wp-element-caption\">Unha Xeraci\u00f3n &#8211; Dous Mundos (10 Diciembre)<\/figcaption><\/figure>\n<\/div>\n\n\n<p class=\"has-text-align-left\"><br><strong>Notas de Prensa &#8211; Dous Mundos<\/strong><br>Un evento que se hizo eco en diversos medios de prensa.<\/p>\n\n\n\n<p class=\"has-text-align-center\"><a href=\"\/images\/fotos\/cgh\/hemeroteca\/DousMundos\/ElIdeal.pdf\" target=\"_blank\" rel=\"noreferrer noopener\">El Ideal Gallego<\/a> <br><a href=\"\/images\/fotos\/cgh\/hemeroteca\/DousMundos\/Galicia_press.PDF\" target=\"_blank\" rel=\"noreferrer noopener\">Galicia Press<\/a><br><a href=\"\/images\/fotos\/cgh\/hemeroteca\/DousMundos\/LaVozdeGalicia.PDF\" target=\"_blank\" rel=\"noreferrer noopener\">La Voz de Galicia<\/a><br><a href=\"https:\/\/www.casagalega.com\/images\/fotos\/cgh\/hemeroteca\/DousMundos\/NoticiasDe.PDF\" target=\"_blank\" rel=\"noreferrer noopener\">Noticias De<\/a><br><a href=\"\/images\/fotos\/cgh\/hemeroteca\/DousMundos\/SomosComarca.PDF\" target=\"_blank\" rel=\"noreferrer noopener\">Somos Comarca<\/a><br><a href=\"\/images\/fotos\/cgh\/hemeroteca\/DousMundos\/Xunta.PDF\" target=\"_blank\" rel=\"noreferrer noopener\">Xunta<\/a><\/p>\n\n\n\n<p class=\"has-text-align-center\"><\/p>\n\n\n\n<p><strong>Decembro 2020<\/strong>, comenza unha xeraci\u00f3n, Dous Mundos. <br>Aqu\u00ed unha primeira introducci\u00f3n.<\/p>\n\n\n\n<p style=\"text-align: center;\"><iframe loading=\"lazy\" src=\"https:\/\/www.youtube.com\/embed\/Bm7OxSGApSY\" width=\"560\" height=\"315\" frameborder=\"0\" allowfullscreen=\"allowfullscreen\"><\/iframe><\/p>\n<p>&nbsp;<\/p>\n\n\n\n<p class=\"has-text-align-center\">Desde la Comunidad Gallega de Catalu\u00f1a queremos presentar la Gala Musical <strong>UNHA\u00a0XERACI\u00d3N.\u00a0DOUS\u00a0MUNDOS<\/strong>\u00a0en Catalu\u00f1a y Galicia, y a toda la Galicia Exterior. Una gala de teatro musical que explica varias historias de nuestra Emigraci\u00f3n Gallega en Catalu\u00f1a, una \u00e9poca en que se crearon los Centros Gallegos, las Casas de Galicia y nuestras instituciones sociales y empresariales, contribuyendo a construir y mejorar esta tierra catalana y nuestra sociedad.<br><br>M\u00e1s de una veintena de entidades y asociaciones gallegas de Catalu\u00f1a, toda la Comunidad Gallega nos unimos para rendir homenaje a una generaci\u00f3n de personas trabajadoras, luchadoras, solidarias y comprometidas con las dos tierras. 50 a\u00f1os de Galicia en Catalu\u00f1a (1970-2020), un tiempo y un lugar lleno de grandes momentos para la Historia de los Gallegos en Catalu\u00f1a.<br><br>Por iniciativa de la <strong>Casa Gallega de La\u00a0Hospitalet<\/strong>\u00a0y\u00a0<strong>Xuntanza\u00a0de Catalu\u00f1a<\/strong>, <strong>UNHA\u00a0XERACI\u00d3N.\u00a0DOUS\u00a0MUNDOS<\/strong>\u00a0 es una realidad gracias a la suma de todas las entidades y colectivos gallegos que, con el apoyo de la Xunta de Galicia y la Diputaci\u00f3n de Barcelona, se estrenar\u00e1 el <strong>10 de diciembre de 2022 al <a href=\"https:\/\/www.liceubarcelona.cat\/ca\/temporada-2022-23\/altres-concerts-i-festivals\/unha-xeracion-dous-mundos\" target=\"_blank\" rel=\"noreferrer noopener\">Gran Teatro del Liceo de Barcelona<\/a><\/strong>, donde ser\u00e1n presentes muchos de los gallegos que vinieron en Catalu\u00f1a para crear una nueva realidad sin olvidar su tierra y sus or\u00edgenes. Viajes de ida y vuelta, compromiso cultural, amor por la lengua propia y la catalana, remitidas a los que se quedaron en casa, nuevos puestos de trabajo, viejos amores, desarrollo y futuro, NUESTRA HISTORIA DE\u00a0GALLEGUISMO\u00a0CONSCIENTE en un nuevo pa\u00eds de futuro.<br><br>Con la direcci\u00f3n art\u00edstica de\u00a0Xisco\u00a0Feij\u00f3o\u00a0y Artur\u00a0Puga, y la colaboraci\u00f3n de\u00a0Xurxo\u00a0G\u00e1ndara\u00a0y\u00a0Cote\u00a0Gonz\u00e1lez, creado por Manuel\u00a0Prados\u00a0y\u00a0Xos\u00e9\u00a0Carlos Garc\u00eda, <strong>UNHA\u00a0XERACI\u00d3N.\u00a0DOUS\u00a0MUNDOS<\/strong>\u00a0 es una ofrenda a nuestra gente mayor, a los pilares de la gran Comunidad Gallega de Catalu\u00f1a, a todas aquellas personas que marcharon de Galicia creando una Catalu\u00f1a m\u00e1s moderna, m\u00e1s solidaria, m\u00e1s acogedora y humana: una \u00e9pica colectiva que ha tejido magn\u00edficos puentes sociales, culturales y econ\u00f3micos y una gran obra cultural entre Catalu\u00f1a y Galicia.<br><br><strong>MEMORIA ART\u00cdSTICA<\/strong><br><br><strong>Guion:<\/strong>\u00a0Xos\u00e9\u00a0Carlos Garc\u00eda &#8211; Manuel\u00a0Prados<br><strong>Adaptaci\u00f3n:<\/strong>\u00a0Adrao\u00a0Casal, <a href=\"https:\/\/www.xiscofeijoo.com\/\" target=\"_blank\" rel=\"noreferrer noopener\">Xisco Feij\u00f3 <\/a>y <a href=\"https:\/\/seisporoito.gal\/es\/\" target=\"_blank\" rel=\"noreferrer noopener\">Artur Puga<\/a><br><strong>Direcci\u00f3n Art\u00edstica:<\/strong>\u00a0Xisco\u00a0Feij\u00f3o\u00a0y Artur\u00a0Puga<br><strong>Coordinaci\u00f3n Teatro:<\/strong>\u00a0Cote\u00a0Gonzalez<br><strong>Coordinaci\u00f3n\u00a0M\u00fasical:<\/strong>\u00a0Xurxo\u00a0G\u00e1ndara<br><strong>Artistas:<\/strong> + 250\u00a0mozos\u00a0e\u00a0mozas, actores, m\u00fasicos, invitados y sorprendentes colaboradores.<br><br><strong>Objetivo<\/strong><br><br>Hay una generaci\u00f3n de Galeg@s en Catalu\u00f1a que construy\u00f3 Catalu\u00f1a y la cambi\u00f3 a mejor. Hace m\u00e1s de 50 a\u00f1os, m\u00e1s de 100.000 emigrantes gallegos abandonaron su pueblo para encontrar un nuevo futuro en una de las ciudades espa\u00f1olas m\u00e1s bellas y llenas de oportunidades. Mientras Galicia perd\u00eda sus hijos e hijas, (j\u00f3venes inquietos y con ganas de trabajar y descubrir nuevos horizontes), Catalu\u00f1a recibi\u00f3 talento, juventud, creatividad, mano de obra, emprendedores, nuevos comerciantes, artistas y profesionales de todo Espa\u00f1a. M\u00e1s de un mill\u00f3n de puntos de vista que supieron sumar esfuerzos, trabajar y compartir para crear una nueva realidad rica e ilusionante, acogedora y moderna, inspiradora y motor econ\u00f3mico del pa\u00eds: Catalu\u00f1a. En aquel contexto, donde todo se ten\u00eda que hacer, de desarrollar, de luchar, est\u00e1 llegando casi el 10% de la Galicia rural, el que hoy ser\u00eda una gran ciudad de Galicia, instalada en los barrios perif\u00e9ricos de la capital (Nueve Barrios, Sants, Huerta, Pueblo Seco, La\u00a0Sagrera,&#8230;) y, cada vez m\u00e1s, en las ciudades del \u00e1rea metropolitana del entorno de Barcelona: Hospitalet, Badalona,\u00a0Cornell\u00e0, Santa Coloma, Rub\u00ed, Sabadell, Terrassa,\u00a0Cerdanyola, Mollet, La Llagosta, Castelldefels, Matar\u00f3, Santo\u00a0Boi,&#8230; En menor n\u00famero, pero tambi\u00e9n importante, a Tarragona, Lleida y Girona.<\/p>\n\n\n\n<p><strong>Enlaces<\/strong><\/p>\n\n\n\n<p><a href=\"https:\/\/emigracion.xunta.gal\/es\/actualidad\/agenda\/xeracion-dous-mundos-barcelona\" target=\"_blank\" rel=\"noreferrer noopener\">https:\/\/emigracion.xunta.gal\/es\/actualidad\/agenda\/xeracion-dous-mundos-barcelona<\/a><\/p>\n\n\n\n<p><a href=\"https:\/\/www.liceubarcelona.cat\/es\/temporada-2022-23\/otros-espectaculos\/unha-xeracion-dous-mundos\" target=\"_blank\" rel=\"noreferrer noopener\">https:\/\/www.liceubarcelona.cat\/es\/temporada-2022-23\/otros-espectaculos\/unha-xeracion-dous-mundos<\/a><\/p>\n\n\n\n<p><a href=\"https:\/\/www.aegaca.org\/noticias\/xuntanza-de-catalunya-prepara-un-musical-para-su-estreno-en-el-gran-teatre-del-liceu\" target=\"_blank\" rel=\"noreferrer noopener\">https:\/\/www.aegaca.org\/noticias\/xuntanza-de-catalunya-prepara-un-musical-para-su-estreno-en-el-gran-teatre-del-liceu<\/a><\/p>\n\n\n\n<p><strong>Algunos v\u00eddeos (Canal Somos Comarca)<\/strong><\/p>\n\n\n\n<p style=\"text-align: center;\"><iframe loading=\"lazy\" src=\"https:\/\/www.youtube.com\/embed\/nCs0Y3GEXJo?\" width=\"560\" height=\"315\" frameborder=\"0\" allowfullscreen=\"allowfullscreen\"><\/iframe><\/p>\n<p>&nbsp;<\/p>\n","protected":false},"excerpt":{"rendered":"<p>Unha Xeraci\u00f3n &#8211; Dous Mundos, homenaxe \u00e1 nosa Galeguidade Comprometida. Aqu\u00ed poderase ver toda a informaci\u00f3n do evento igual que&hellip;<\/p>\n","protected":false},"author":1,"featured_media":0,"parent":0,"menu_order":8,"comment_status":"closed","ping_status":"closed","template":"","meta":{"ngg_post_thumbnail":0,"footnotes":""},"class_list":["post-6527","page","type-page","status-publish","hentry"],"_links":{"self":[{"href":"https:\/\/www.casagalega.com\/wp_cgh\/wp-json\/wp\/v2\/pages\/6527","targetHints":{"allow":["GET"]}}],"collection":[{"href":"https:\/\/www.casagalega.com\/wp_cgh\/wp-json\/wp\/v2\/pages"}],"about":[{"href":"https:\/\/www.casagalega.com\/wp_cgh\/wp-json\/wp\/v2\/types\/page"}],"author":[{"embeddable":true,"href":"https:\/\/www.casagalega.com\/wp_cgh\/wp-json\/wp\/v2\/users\/1"}],"replies":[{"embeddable":true,"href":"https:\/\/www.casagalega.com\/wp_cgh\/wp-json\/wp\/v2\/comments?post=6527"}],"version-history":[{"count":46,"href":"https:\/\/www.casagalega.com\/wp_cgh\/wp-json\/wp\/v2\/pages\/6527\/revisions"}],"predecessor-version":[{"id":7596,"href":"https:\/\/www.casagalega.com\/wp_cgh\/wp-json\/wp\/v2\/pages\/6527\/revisions\/7596"}],"wp:attachment":[{"href":"https:\/\/www.casagalega.com\/wp_cgh\/wp-json\/wp\/v2\/media?parent=6527"}],"curies":[{"name":"wp","href":"https:\/\/api.w.org\/{rel}","templated":true}]}}