{"id":472,"date":"2011-12-22T18:28:08","date_gmt":"2011-12-22T17:28:08","guid":{"rendered":"http:\/\/www.casagalega.com\/wp_cgh\/?page_id=472"},"modified":"2025-11-13T16:39:05","modified_gmt":"2025-11-13T15:39:05","slug":"bretema-medianos","status":"publish","type":"page","link":"https:\/\/www.casagalega.com\/wp_cgh\/grupos\/bretema-medianos\/","title":{"rendered":"Bretema Medianos"},"content":{"rendered":"\n<p>El grupo de medianos est\u00e1 compuesto por gente joven de entre 13 a 18 a\u00f1os donde ya tienen unos conocimientos b\u00e1sicos y aprenden nuevos danzas, t\u00e9cnicas y diferentes conocimientos sobre la cultura y el estilo tradicional del Baile Gallego.<\/p>\n\n\n\n<p>Aqu\u00ed tenemos un peque\u00f1o resumen de los lugares por donde ha estado el grupo.<\/p>\n\n\n\n<p>En el a\u00f1o 1999 el grupo viajo hasta Guingamp &#8211; Francia<\/p>\n\n\n\n<p>&nbsp;Este grupo ha asistido a diferentes actuaciones, concursos y festivales.<br>En el a\u00f1o 2003 el grupo de medianos particip\u00f3 en el concurso de Xacarandaina.<\/p>\n\n\n\n<div class=\"wp-block-image\"><figure class=\"aligncenter is-resized\"><img loading=\"lazy\" decoding=\"async\" src=\"http:\/\/www.casagalega.com\/images\/fotos\/cgh\/grupos\/medianos\/medianos_02\" alt=\"\" width=\"467\" height=\"346\"\/><\/figure><\/div>\n\n\n\n<div class=\"wp-block-image\"><figure class=\"aligncenter is-resized\"><img loading=\"lazy\" decoding=\"async\" src=\"http:\/\/www.casagalega.com\/images\/fotos\/cgh\/grupos\/medianos\/medianos_03\" alt=\"\" width=\"460\" height=\"345\"\/><\/figure><\/div>\n\n\n\n<div class=\"wp-block-image\"><figure class=\"aligncenter is-resized\"><img loading=\"lazy\" decoding=\"async\" src=\"http:\/\/www.casagalega.com\/images\/fotos\/cgh\/grupos\/medianos\/medianos_01\" alt=\"\" width=\"461\" height=\"346\"\/><\/figure><\/div>\n\n\n<p align=\"justify\">&nbsp;En el a\u00f1o 2005 volvieron a competir y lograron pasar a la final de dicho concurso, en el cual realizaron una gran actuaci\u00f3n, y consiguieron arrancar multitud de aplausos del p\u00fablico asistente.<\/p>\n<p>En el a\u00f1o 2006 el grupo volvio a Coru\u00f1a con m\u00e1s motivaci\u00f3n y participaron en el concurso Xacarandaina logrando pasar a la final que se disputar\u00eda en Julio.<\/p>\n<p align=\"justify\"><span style=\"color: #000000;\"><br>En 2007 junto tambi\u00e9n al grupo de mayores, el grupo de medianos de la entidad viajo a Coru\u00f1a para concursar en Xacarandaina. En todos los a\u00f1os Xacoveos este grupo ha sido invitado para realizar actuaci\u00f3n junto al grupo de mayores en Santiago.<\/span><\/p>\n<p align=\"justify\"><span style=\"color: #000000;\">En 2008 un ajustado tercer puesto en Xacarandaina demostr\u00f3 la gran calidad de este grupo que d\u00eda a d\u00eda demuestra su calidad y sana rivalidad con el grupo br\u00e9tema, sus mayores.<\/span><\/p>\n<p align=\"justify\"><span style=\"color: #000000;\">Una muestra en el concurso de Xacarandaina del a\u00f1o 2008.<\/span><\/p>\n\n<p style=\"text-align: center;\"><iframe loading=\"lazy\" src=\"https:\/\/www.youtube.com\/embed\/9Og58FGl00c\" width=\"560\" height=\"315\" frameborder=\"0\" allowfullscreen=\"allowfullscreen\"><\/iframe><\/p>\n","protected":false},"excerpt":{"rendered":"<p>El grupo de medianos est\u00e1 compuesto por gente joven de entre 13 a 18 a\u00f1os donde ya tienen unos conocimientos&hellip;<\/p>\n","protected":false},"author":1,"featured_media":0,"parent":459,"menu_order":4,"comment_status":"closed","ping_status":"open","template":"","meta":{"ngg_post_thumbnail":0,"footnotes":""},"class_list":["post-472","page","type-page","status-publish","hentry"],"_links":{"self":[{"href":"https:\/\/www.casagalega.com\/wp_cgh\/wp-json\/wp\/v2\/pages\/472","targetHints":{"allow":["GET"]}}],"collection":[{"href":"https:\/\/www.casagalega.com\/wp_cgh\/wp-json\/wp\/v2\/pages"}],"about":[{"href":"https:\/\/www.casagalega.com\/wp_cgh\/wp-json\/wp\/v2\/types\/page"}],"author":[{"embeddable":true,"href":"https:\/\/www.casagalega.com\/wp_cgh\/wp-json\/wp\/v2\/users\/1"}],"replies":[{"embeddable":true,"href":"https:\/\/www.casagalega.com\/wp_cgh\/wp-json\/wp\/v2\/comments?post=472"}],"version-history":[{"count":20,"href":"https:\/\/www.casagalega.com\/wp_cgh\/wp-json\/wp\/v2\/pages\/472\/revisions"}],"predecessor-version":[{"id":2747,"href":"https:\/\/www.casagalega.com\/wp_cgh\/wp-json\/wp\/v2\/pages\/472\/revisions\/2747"}],"up":[{"embeddable":true,"href":"https:\/\/www.casagalega.com\/wp_cgh\/wp-json\/wp\/v2\/pages\/459"}],"wp:attachment":[{"href":"https:\/\/www.casagalega.com\/wp_cgh\/wp-json\/wp\/v2\/media?parent=472"}],"curies":[{"name":"wp","href":"https:\/\/api.w.org\/{rel}","templated":true}]}}