{"id":453,"date":"2011-12-22T18:17:38","date_gmt":"2011-12-22T17:17:38","guid":{"rendered":"http:\/\/www.casagalega.com\/wp_cgh\/?page_id=453"},"modified":"2024-11-25T13:11:28","modified_gmt":"2024-11-25T12:11:28","slug":"prensa","status":"publish","type":"page","link":"https:\/\/www.casagalega.com\/wp_cgh\/archivo\/prensa\/","title":{"rendered":"Prensa"},"content":{"rendered":"<p>A\u00f1o a a\u00f1o se han ido publicando algunos art\u00edculos donde componentes de Casa Galega o alguno de sus grupos salen en ellos.<\/p>\n<p>En las siguientes l\u00edneas recogemos las principales noticias donde ha sido nombrada Casa Galega:<\/p>\n<p style=\"text-align: center;\"><strong>2024<br><\/strong><\/p>\n<hr id=\"null\">\n<p style=\"text-align: center;\">L&#8217;H Digital &#8211; Hospitalte: Hospifolk 2024 aterriza en Bellvitge &#8211; <a href=\"https:\/\/lhdigital.cat\/noticies\/lhospifolk-aterra-de-nou-al-parc-de-bellvitge\/\" target=\"_blank\" rel=\"noopener\">Web L-H<\/a><strong><br><br>2013<\/strong><\/p>\n<div><hr id=\"null\"><\/div>\n<div>\n<div align=\"center\">Cr\u00f3nicas de la Emigraci\u00f3n &#8211; Presidente Xunta recibe a Banda Xuntanta &#8211; <strong><a title=\"Presidente Xunta - Banda Xuntanza\" href=\"http:\/\/www.cronicasdelaemigracion.com\/articulo\/galicia\/feijoo-recibio-a-la-banda-de-gaitas-xuntanza-de-cataluna\/20130327144406049139.html#.UVlxI6fIo38.facebook\" target=\"_blank\" rel=\"noopener noreferrer\">web<\/a><\/strong><\/div>\n<div align=\"center\">Celebraci\u00f3n 25 Aniversario Casa Galega &#8211; <strong><a title=\"XXV Aniversario Casa Galega\" href=\"http:\/\/www.cronicasdelaemigracion.com\/articulo\/galicia\/a-casa-galega-de-hospitalet-celebrou-cunha-cea-o-seu-25-aniversario\/20121122094134046787.html\" target=\"_blank\" rel=\"noopener noreferrer\">web<\/a>.<\/strong><\/div>\n<div align=\"center\">Casa Galega &#8211; Amb el soterrament de les vies &#8211; <strong><a title=\"lh digital\" href=\"http:\/\/lhdigital.cat\/web\/digital-h\/noticia\/entitats\/-\/journal_content\/56_INSTANCE_43Th\/11023\/7531234\" target=\"_blank\" rel=\"noopener noreferrer\">web&nbsp;lh digital<\/a> &#8211; <a title=\"El far digital\" href=\"http:\/\/elfar.cat\/not\/3587\/accio_musical_per_reivindicar_el_soterrament_de_les_vies_del_tren\/\" target=\"_blank\" rel=\"noopener noreferrer\">El far<\/a><\/strong><\/div>\n<div align=\"center\">\n<p><strong>2012<\/strong><\/p>\n<div><hr id=\"null\"><\/div>\n<div>\n<div align=\"center\">La Voz de Galicia &#8211; XXII Liga de Bandas Lal\u00edn &#8211;<strong><a href=\"http:\/\/www.casagalega.com\/images\/fotos\/cgh\/hemeroteca\/20120730%20-%20La%20Region%20-%20Gaitas%20en%20Lalin.pdf\" target=\"_blank\" rel=\"noopener noreferrer\">&nbsp;PDF<\/a>&nbsp;&#8211;&nbsp;<a href=\"http:\/\/www.lavozdegalicia.es\/noticia\/deza\/2012\/07\/28\/mejores-bandas-gaitas-disputan-hoy-cetro-lalin\/0003_201207D28C29929.htm\" target=\"_blank\" rel=\"noopener noreferrer\">web<\/a><\/strong><\/div>\n<div align=\"center\">La Voz de Galicia &#8211; XXII Liga de Bandas Lal\u00edn &#8211;&nbsp;<strong><a href=\"http:\/\/www.casagalega.com\/images\/fotos\/cgh\/hemeroteca\/20120730 - La Region -M\u00e1s de mil gaiteiros Lalin.pdf\" target=\"_blank\" rel=\"noopener noreferrer\">PDF<\/a>&nbsp;&#8211;&nbsp;<a href=\"http:\/\/www.lavozdegalicia.es\/noticia\/deza\/2012\/07\/29\/mil-gaiteiros-ponen-banda-sonora-lalin\/0003_201207D29C4992.htm\" target=\"_blank\" rel=\"noopener noreferrer\">web<\/a><\/strong><\/div>\n<div align=\"center\">&nbsp;Cr\u00f3nicas de la Emigraci\u00f3n &#8211; Banda Xuntanza &#8211; Liga &#8211;&nbsp;<strong><a title=\"Liga de Bandas Santiago\" href=\"http:\/\/www.cronicasdelaemigracion.com\/articulo\/galicia\/xuntanza-participou-na-primeira-fase-da-liga-galega-bandas-gaitas\/20120409095211025486.html\" target=\"_blank\" rel=\"noopener noreferrer\">web<\/a><\/strong><\/div>\n<\/div>\n<\/div>\n<\/div>\n<p style=\"text-align: center;\"><strong>2011<\/strong><\/p>\n<div><hr id=\"null\"><\/div>\n<div>\n<div align=\"center\">Banda de Gaitas Xuntanza &#8211; en Tarragona &#8211;<strong><a title=\"Xuntanza en Tarragona\" href=\"http:\/\/www.cronicasdelaemigracion.com\/articulo\/galicia\/os-grupos-musicais-das-entidades-galegas-en-cataluna-participaron-nun-festival-en-tarragona\/20111128092538024519.html\" target=\"_blank\" rel=\"noopener noreferrer\">web<\/a><\/strong><\/div>\n<div align=\"center\"><strong>2009<\/strong><\/div>\n<\/div>\n<div><hr id=\"null\"><\/div>\n<div>\n<div style=\"text-align: center;\" align=\"center\">La Voz de Galicia &#8211; Cocnurso Vilagarc\u00eda &#8211; <a href=\"http:\/\/www.casagalega.com\/images\/fotos\/cgh\/hemeroteca\/2009_Malveiras_Hospitalet.pdf\" target=\"_blank\" rel=\"noopener noreferrer\">Pdf<\/a><\/div>\n<div style=\"text-align: center;\" align=\"center\">El Faro de Vigo &#8211; &#8211; Cocnurso Vilagarc\u00eda &#8211; <strong><span style=\"text-decoration: underline;\"><span style=\"color: #0000ff;\"><a href=\"http:\/\/www.casagalega.com\/images\/fotos\/cgh\/hemeroteca\/2009_Malveiras_Hospitalet(faro%20de%20Vigo).pdf\" target=\"_blank\" rel=\"noopener noreferrer\">Pdf<\/a><\/span><\/span><\/strong><\/div>\n<div style=\"text-align: center;\" align=\"center\">Vilagac\u00eda Edici\u00f3n Local &#8211; Cocnurso Vilagarc\u00eda &#8211; <a title=\"Vilagarc\u00eda\" href=\"http:\/\/www.casagalega.com\/images\/fotos\/cgh\/hemeroteca\/20090504_Vilagarcia_Local.pdf\" target=\"_blank\" rel=\"noopener noreferrer\">Pdf<\/a><\/div>\n<div style=\"text-align: center;\" align=\"center\"><strong>2007<\/strong><\/div>\n<\/div>\n<div><hr id=\"null\"><\/div>\n<p style=\"text-align: center;\">Blogs y otros enlaces web.<\/p>\n<p style=\"text-align: center;\" align=\"center\"><a href=\"http:\/\/www.fegalcat.org\/index.php?option=com_content&amp;task=view&amp;id=100&amp;Itemid=139\" target=\"_blank\" rel=\"noopener noreferrer\"><span style=\"color: #810081;\"><span style=\"text-decoration: underline;\">www.fegalcat.org<\/span><\/span><\/a><\/p>\n<p style=\"text-align: center;\" align=\"center\"><a href=\"http:\/\/es.wikipedia.org\/wiki\/Banda_de_Gaitas_de_Cea\" target=\"_blank\" rel=\"noopener noreferrer\"><span style=\"color: #0000ff;\"><span style=\"text-decoration: underline;\">http:\/\/es.wikipedia.org\/wiki\/Banda_de_Gaitas_de_Cea<\/span><\/span><\/a><\/p>\n<p style=\"text-align: center;\" align=\"center\"><a href=\"http:\/\/mosicayparolas.blogia.com\/2007\/121503-xx-aniversario-casa-galega-de-l-hospitalet.php\" target=\"_blank\" rel=\"noopener noreferrer\"><span style=\"color: #0000ff;\"><span style=\"text-decoration: underline;\">http:\/\/mosicayparolas.blogia.com\/<\/span><\/span><\/a><\/p>\n<p style=\"text-align: center;\" align=\"center\"><a href=\"http:\/\/www.vieiros.com\/nova\/62909\/xx-aniversario-da-casa-galega-de-l-hospitalet\" target=\"_blank\" rel=\"noopener noreferrer\"><span style=\"color: #0000ff;\"><span style=\"text-decoration: underline;\">http:\/\/www.vieiros.com\/<\/span><\/span><\/a><\/p>\n<div align=\"center\">Viu L&#8217;Hospitalet &#8211; <a href=\"http:\/\/www.casagalega.com\/images\/fotos\/cgh\/hemeroteca\/2007_Viu_hospitalet.jpg\" target=\"_blank\" rel=\"noopener noreferrer\"><strong>Portada<\/strong><\/a><strong> &#8211; <\/strong><a href=\"http:\/\/www.casagalega.com\/images\/fotos\/cgh\/hemeroteca\/2007_Viu_hospitalet_1.jpg\" target=\"_blank\" rel=\"noopener\"><strong>P\u00e1gina 1<\/strong><\/a><strong> &#8211; <\/strong><a href=\"http:\/\/www.casagalega.com\/images\/fotos\/cgh\/hemeroteca\/2007_Viu_hospitalet_2.jpg\" target=\"_blank\" rel=\"noopener\"><strong>P\u00e1gina 2<\/strong><\/a><\/div>\n<div align=\"center\">El Periodico &#8211; Cultura&nbsp; &#8211; <strong><span style=\"text-decoration: underline;\"><span style=\"color: #0000ff;\">P\u00e1gina 1<\/span><\/span><\/strong><\/div>\n<div align=\"center\">El Periodico de L&#8217;Hospitalet &#8211; Julio&nbsp;&#8211; <a href=\"http:\/\/www.casagalega.com\/images\/fotos\/cgh\/hemeroteca\/hospitalet_2007_Julio_Pagina_1.jpg\" target=\"_blank\" rel=\"noopener\"><strong><span style=\"text-decoration: underline;\"><span style=\"color: #0000ff;\">P\u00e1gina 1<\/span><\/span><\/strong><\/a><\/div>\n<div align=\"center\">El Periodico de L&#8217;Hospitalet &#8211; Septiembre&nbsp;&#8211; <a href=\"http:\/\/www.casagalega.com\/images\/fotos\/cgh\/hemeroteca\/hospitalet_2007_sept.jpg\" target=\"_blank\" rel=\"noopener\"><strong><span style=\"text-decoration: underline;\"><span style=\"color: #0000ff;\">P\u00e1gina 1<\/span><\/span><\/strong><\/a><\/div>\n<div align=\"center\">El Periodico de L&#8217;Hospitalet &#8211; Octubre &nbsp;&#8211; <a href=\"http:\/\/www.casagalega.com\/images\/fotos\/cgh\/hemeroteca\/hospitalet_2007_octu.jpg\" target=\"_blank\" rel=\"noopener\"><strong><span style=\"text-decoration: underline;\"><span style=\"color: #0000ff;\">P\u00e1gina 1<\/span><\/span><\/strong><\/a><\/div>\n<div align=\"center\">El Periodico de L&#8217;Hospitalet &#8211; Noviembre&nbsp;&#8211; <strong><span style=\"text-decoration: underline;\"><span style=\"color: #0000ff;\"><a href=\"http:\/\/www.casagalega.com\/images\/fotos\/cgh\/hemeroteca\/hospitalet_2007_nov_2.jpg\" target=\"_blank\" rel=\"noopener noreferrer\">P\u00e1gina 2<\/a><\/span><\/span><\/strong><\/div>\n<div align=\"center\">Anuncios en el Metro de Barcelona&nbsp;&#8211; <a href=\"http:\/\/www.casagalega.com\/images\/fotos\/cgh\/hemeroteca\/Cartel_metro.pdf\" target=\"_blank\" rel=\"noopener\"><strong><span style=\"text-decoration: underline;\"><span style=\"color: #0000ff;\">P\u00f3ster Metro<\/span><\/span><\/strong><\/a>&#8211; <a href=\"http:\/\/www.casagalega.com\/images\/fotos\/cgh\/hemeroteca\/2007_metro_1.JPG\" target=\"_blank\" rel=\"noopener\"><span style=\"text-decoration: underline;\"><span style=\"color: #0000ff;\"><strong>Metro1<\/strong><\/span><\/span><\/a><strong> &#8211;<a href=\"http:\/\/www.casagalega.com\/images\/fotos\/cgh\/hemeroteca\/2007_metro_2.JPG\" target=\"_blank\" rel=\"noopener\"><strong><span style=\"text-decoration: underline;\"><span style=\"color: #0000ff;\"> Metro 2<\/span><\/span><\/strong><\/a><\/strong><\/div>\n<div align=\"center\">\n<div align=\"center\"><strong>2006<\/strong><\/div>\n<\/div>\n<div><hr id=\"null\"><\/div>\n<div>\n<div align=\"center\">Xacarandaina &#8211; A Coru\u00f1a &#8211; <a href=\"http:\/\/www.casagalega.com\/images\/fotos\/cgh\/hemeroteca\/20Minutos_xaca_2006.pdf\" target=\"_blank\" rel=\"noopener\"><strong><span style=\"text-decoration: underline;\"><span style=\"color: #0000ff;\">20 Minutos<\/span><\/span><\/strong><\/a><\/div>\n<div align=\"center\">Liga de Bandas &#8211; Entrimo&nbsp;&#8211; <a href=\"http:\/\/www.casagalega.com\/images\/fotos\/cgh\/hemeroteca\/Entrimo_La_Voz_de_Galicia.pdf\" target=\"_blank\" rel=\"noopener\"><span style=\"text-decoration: underline;\"><span style=\"color: #0000ff;\"><strong>La Voz de Galicia 1<\/strong><\/span><\/span><\/a>&nbsp;<a href=\"http:\/\/www.casagalega.com\/images\/fotos\/cgh\/hemeroteca\/Entrimo_La_Voz_de_Galicia_v2.pdf\"><strong><span style=\"text-decoration: underline;\"><span style=\"color: #0000ff;\">2<\/span><\/span><\/strong><\/a><strong>&nbsp;&nbsp;&nbsp;&#8211;&nbsp;&nbsp;&nbsp; <a href=\"http:\/\/www.casagalega.com\/images\/fotos\/cgh\/hemeroteca\/Entrimo_La_region.pdf\" target=\"_blank\" rel=\"noopener\"><span style=\"text-decoration: underline;\"><span style=\"color: #0000ff;\"><strong>La region 1<\/strong><\/span><\/span><\/a> <a href=\"http:\/\/www.casagalega.com\/images\/fotos\/cgh\/hemeroteca\/Entrimo_La_region_v2.pdf\" target=\"_blank\" rel=\"noopener\"><strong><span style=\"text-decoration: underline;\"><span style=\"color: #0000ff;\">2<\/span><\/span><\/strong><\/a>&nbsp;<\/strong><\/div>\n<\/div>\n<div>\n<div align=\"center\">Liga de Bandas &#8211; Ponferrada&nbsp;&#8211; <a href=\"http:\/\/www.casagalega.com\/images\/fotos\/cgh\/hemeroteca\/Liga_de_Bandas_2006_Ponferrada_01.pdf\" target=\"_blank\" rel=\"noopener\"><span style=\"text-decoration: underline;\"><span style=\"color: #0000ff;\"><strong>El Bierzo Digital 1<\/strong><\/span><\/span><\/a>&nbsp;<a href=\"http:\/\/www.casagalega.com\/images\/fotos\/cgh\/hemeroteca\/Liga_de_Bandas_2006_Ponferrada_02.pdf\" target=\"_blank\" rel=\"noopener\"><strong>2<\/strong><\/a> <a href=\"http:\/\/www.casagalega.com\/images\/fotos\/cgh\/hemeroteca\/Liga_de_Bandas_2006_Ponferrada_03.pdf\" target=\"_blank\" rel=\"noopener\"><strong>3<\/strong><\/a> <a href=\"http:\/\/www.casagalega.com\/images\/fotos\/cgh\/hemeroteca\/Liga_de_Bandas_2006_Ponferrada_04.pdf\" target=\"_blank\" rel=\"noopener\"><strong>4<\/strong><\/a> <a href=\"http:\/\/www.casagalega.com\/images\/fotos\/cgh\/hemeroteca\/Liga_de_Bandas_2006_Ponferrada_05.pdf\" target=\"_blank\" rel=\"noopener\"><strong>5<\/strong><\/a><strong>&nbsp;&nbsp; &#8211;&nbsp;&nbsp; <a href=\"http:\/\/www.casagalega.com\/images\/fotos\/cgh\/hemeroteca\/Liga_de_Bandas_2006_Ponferrada_06.pdf\" target=\"_blank\" rel=\"noopener\"><strong><span style=\"text-decoration: underline;\"><span style=\"color: #0000ff;\">El Diario de Le\u00f3n 1<\/span><\/span><\/strong><\/a>&nbsp;<\/strong><\/div>\n<div align=\"center\"><strong>2005<\/strong><\/div>\n<\/div>\n<div><hr id=\"null\"><\/div>\n<div>\n<div align=\"center\">Liga de Bandas &#8211; Amoeiro &#8211; <a href=\"http:\/\/www.casagalega.com\/images\/fotos\/cgh\/hemeroteca\/Liga_de_bandas_2005.pdf\" target=\"_blank\" rel=\"noopener\"><span style=\"text-decoration: underline;\"><span style=\"color: #0000ff;\"><strong>La Voz de Galicia 1<\/strong><\/span><\/span><\/a> <a href=\"http:\/\/www.casagalega.com\/images\/fotos\/cgh\/hemeroteca\/Liga_de_bandas_2005_Amoeiro.pdf\" target=\"_blank\" rel=\"noopener\"><span style=\"text-decoration: underline;\"><span style=\"color: #0000ff;\"><strong>2<\/strong><\/span><\/span><\/a> <a href=\"http:\/\/www.casagalega.com\/images\/fotos\/cgh\/hemeroteca\/Liga_de_bandas_2005_Amoeiro2.pdf\" target=\"_blank\" rel=\"noopener\"><span style=\"text-decoration: underline;\"><span style=\"color: #0000ff;\"><strong>3<\/strong><\/span><\/span><\/a> <a href=\"http:\/\/www.casagalega.com\/images\/fotos\/cgh\/hemeroteca\/Liga_de_bandas_2005_Amoeiro3.pdf\" target=\"_blank\" rel=\"noopener\"><span style=\"text-decoration: underline;\"><span style=\"color: #0000ff;\"><strong>4<\/strong><\/span><\/span><\/a> <a href=\"http:\/\/www.casagalega.com\/images\/fotos\/cgh\/hemeroteca\/Liga_de_bandas_2005_Manzaneda.pdf\" target=\"_blank\" rel=\"noopener\"><strong><span style=\"text-decoration: underline;\"><span style=\"color: #0000ff;\">5<\/span><\/span><\/strong><\/a><\/div>\n<div align=\"center\">Gran Encontro Forum &#8211; <a href=\"http:\/\/www.casagalega.com\/images\/fotos\/cgh\/hemeroteca\/encontro_periodico.PDF\" target=\"_blank\" rel=\"noopener\"><span style=\"text-decoration: underline;\"><span style=\"color: #0000ff;\"><strong>EL Periodico<\/strong><\/span><\/span><\/a> <a href=\"http:\/\/www.casagalega.com\/images\/fotos\/cgh\/hemeroteca\/encontro_periodico_2.PDF\" target=\"_blank\" rel=\"noopener\"><span style=\"text-decoration: underline;\"><span style=\"color: #0000ff;\"><strong>EL Periodico 2<\/strong><\/span><\/span><\/a> <a href=\"http:\/\/www.casagalega.com\/images\/fotos\/cgh\/hemeroteca\/encontro_pais.PDF\" target=\"_blank\" rel=\"noopener\"><strong><span style=\"text-decoration: underline;\"><span style=\"color: #0000ff;\">El Pais<\/span><\/span><\/strong><\/a><\/div>\n<\/div>\n<div>\n<div align=\"center\"><a href=\"http:\/\/www.casagalega.com\/images\/fotos\/cgh\/hemeroteca\/encontro_vanguardia.PDF\" target=\"_blank\" rel=\"noopener\"><span style=\"text-decoration: underline;\"><span style=\"color: #0000ff;\"><strong>La Vanguardia PDF<\/strong><\/span><\/span><\/a> <a href=\"http:\/\/www.casagalega.com\/images\/fotos\/cgh\/hemeroteca\/encontro_mundo.PDF\" target=\"_blank\" rel=\"noopener\"><strong><span style=\"text-decoration: underline;\"><span style=\"color: #0000ff;\">El Mundo<\/span><\/span><\/strong><\/a> <a href=\"http:\/\/www.casagalega.com\/images\/fotos\/cgh\/hemeroteca\/encontro_razon.PDF\" target=\"_blank\" rel=\"noopener\"><strong><span style=\"text-decoration: underline;\"><span style=\"color: #0000ff;\">La Raz\u00f3n<\/span><\/span><\/strong><\/a><\/div>\n<div align=\"center\"><strong>2004<\/strong><\/div>\n<\/div>\n<div><hr id=\"null\"><\/div>\n<div>\n<p align=\"center\">Xacarandaina &#8211; A Coru\u00f1a &#8211; <a href=\"http:\/\/www.casagalega.com\/images\/fotos\/cgh\/hemeroteca\/xaca_2004_1.pdf\" target=\"_blank\" rel=\"noopener\"><strong><span style=\"text-decoration: underline;\"><span style=\"color: #0000ff;\">PDF<\/span><\/span><\/strong><\/a> <a href=\"http:\/\/www.casagalega.com\/images\/fotos\/cgh\/hemeroteca\/xaca_2004_2.pdf\" target=\"_blank\" rel=\"noopener\"><strong><span style=\"text-decoration: underline;\"><span style=\"color: #0000ff;\">PDF<\/span><\/span><\/strong><\/a><\/p>\n<p align=\"center\">Alcalde de Lugo en Hospitalet &#8211; <a title=\"Alcalde Lugo\" href=\"http:\/\/www.casagalega.com\/wp_cgh\/hemeroteca\/prensa\/alcalde_lugo\/alcalde_lugo.htm\" target=\"_blank\" rel=\"noopener\"><strong><span style=\"text-decoration: underline;\"><span style=\"color: #0000ff;\">Visita<\/span><\/span><\/strong><\/a><\/p>\n<p align=\"center\">Carlos Nu\u00f1ez y La Casa Galega &#8211; Matar\u00f3 &#8211; <a href=\"http:\/\/www.casagalega.com\/images\/fotos\/cgh\/hemeroteca\/carlos_mataro.pdf\" target=\"_blank\" rel=\"noopener\"><strong><span style=\"text-decoration: underline;\"><span style=\"color: #0000ff;\">PDF<\/span><\/span><\/strong><\/a><\/p>\n<div>\n<div align=\"center\"><strong>2001<\/strong><\/div>\n<\/div>\n<div><hr id=\"null\"><\/div>\n<div>\n<p align=\"center\">Fiestas Hospitalet &#8211; San Iago &#8211; Cristina Pato &#8211;&nbsp;<strong><a title=\"Cristina Pato - Fiestas San Iago\" href=\"http:\/\/lhdigital.cat\/web\/digital-h\/noticia\/-\/journal_content\/56_INSTANCE_txR0\/11023\/275030\" target=\"_blank\" rel=\"noopener noreferrer\">web<\/a><\/strong><\/p>\n<\/div>\n<\/div>\n\n\n<p class=\"has-text-align-center\"><strong>1994<\/strong>\n\n\n\n<p class=\"has-text-align-center\">Diari de L&#8217;Hospitalet &#8211; Reforma CGH &#8211; <a href=\"http:\/\/www.casagalega.com\/images\/fotos\/cgh\/hemeroteca\/LH-1994 Octubre 18.pdf\" target=\"_blank\" rel=\"noreferrer noopener\">PDF<\/a><\/p>\n","protected":false},"excerpt":{"rendered":"<p>A\u00f1o a a\u00f1o se han ido publicando algunos art\u00edculos donde componentes de Casa Galega o alguno de sus grupos salen&hellip;<\/p>\n","protected":false},"author":1,"featured_media":0,"parent":173,"menu_order":0,"comment_status":"closed","ping_status":"open","template":"","meta":{"ngg_post_thumbnail":0,"footnotes":""},"class_list":["post-453","page","type-page","status-publish","hentry"],"_links":{"self":[{"href":"https:\/\/www.casagalega.com\/wp_cgh\/wp-json\/wp\/v2\/pages\/453","targetHints":{"allow":["GET"]}}],"collection":[{"href":"https:\/\/www.casagalega.com\/wp_cgh\/wp-json\/wp\/v2\/pages"}],"about":[{"href":"https:\/\/www.casagalega.com\/wp_cgh\/wp-json\/wp\/v2\/types\/page"}],"author":[{"embeddable":true,"href":"https:\/\/www.casagalega.com\/wp_cgh\/wp-json\/wp\/v2\/users\/1"}],"replies":[{"embeddable":true,"href":"https:\/\/www.casagalega.com\/wp_cgh\/wp-json\/wp\/v2\/comments?post=453"}],"version-history":[{"count":61,"href":"https:\/\/www.casagalega.com\/wp_cgh\/wp-json\/wp\/v2\/pages\/453\/revisions"}],"predecessor-version":[{"id":7559,"href":"https:\/\/www.casagalega.com\/wp_cgh\/wp-json\/wp\/v2\/pages\/453\/revisions\/7559"}],"up":[{"embeddable":true,"href":"https:\/\/www.casagalega.com\/wp_cgh\/wp-json\/wp\/v2\/pages\/173"}],"wp:attachment":[{"href":"https:\/\/www.casagalega.com\/wp_cgh\/wp-json\/wp\/v2\/media?parent=453"}],"curies":[{"name":"wp","href":"https:\/\/api.w.org\/{rel}","templated":true}]}}