{"id":2264,"date":"2016-11-06T18:40:43","date_gmt":"2016-11-06T17:40:43","guid":{"rendered":"http:\/\/www.casagalega.com\/wp_cgh\/?page_id=2264"},"modified":"2026-04-24T12:24:21","modified_gmt":"2026-04-24T11:24:21","slug":"colaboraciones","status":"publish","type":"page","link":"https:\/\/www.casagalega.com\/wp_cgh\/concursos-y-eventos\/colaboraciones\/","title":{"rendered":"Colaboraciones"},"content":{"rendered":"\n<h3 class=\"wp-block-heading has-text-align-center\">EMMCA (<a href=\"https:\/\/centredelesarts.l-h.cat\/\" target=\"_blank\" rel=\"noreferrer noopener\">https:\/\/centredelesarts.l-h.cat\/<\/a>)<\/h3>\n\n\n<p>La\u00a0<b><span class=\"il\">Banda<\/span><\/b>\u00a0<b><span class=\"il\">Proven\u00e7ana<\/span><\/b>\u00a0de L\u2019Hospitalet (integrada per m\u00fasics de diferents entitats musicals i culturals de la ciutat, m\u00fasics amateurs de la ciutat i per alumnat i professorat de l\u2019Escola Municipal de M\u00fasica &#8211; Centre de les Arts, d\u2019entre 11 i 80 anys)\u00a0<b>acompanya<\/b>\u00a0les\u00a0<b>entitats<\/b>\u00a0<wbr \/>de l\u2019\u00e0mbit de la cultura tradicional i popular fins la pla\u00e7a de l\u2019Ajuntament. Dirigida per Eduard Casals, aquesta gran formaci\u00f3\u00a0<b>interpretar\u00e0<\/b>\u00a0<b>&#8216;El ball de la balsa&#8217;<\/b>, pe\u00e7a hospitalenca recuperada anys enrere i que ha servit des de llavors per obrir les festes.<\/p>\n<p>Algunos integrantes de Casa Galega participan en las \u00abma\u00f1anitas\u00bb de las fiestas de Bellvitge as\u00ed como en el Toc d&#8217;inici de las Fiestas de Hospitalet. Toda una experi\u00e9ncia de sonidos que recomendamos poder ver alguna vez.<\/p>\n\n<div class=\"wp-block-image is-resized\">\n<figure class=\"aligncenter size-large\"><img decoding=\"async\" src=\"http:\/\/www.casagalega.com\/images\/fotos\/concursos\/Colaboraciones\/IMG_0070_v2.jpg\" alt=\"\" style=\"width:588px;height:auto\"\/><\/figure>\n<\/div>\n\n<div class=\"wp-block-image is-resized\">\n<figure class=\"aligncenter size-large\"><img decoding=\"async\" src=\"http:\/\/www.casagalega.com\/images\/fotos\/concursos\/Colaboraciones\/_MG_3901_v2.jpg\" alt=\"\" style=\"width:588px;height:auto\"\/><\/figure>\n<\/div>\n\n\n<h3 class=\"wp-block-heading has-text-align-center\"><br><br>OCAB &#8211; Orquesta de C\u00e1mara de Acordeones de Barcelona (<a rel=\"noreferrer noopener\" aria-label=\"https:\/\/www.ocab.cat\/ (opens in a new tab)\" href=\"https:\/\/www.ocab.cat\/\" target=\"_blank\">https:\/\/www.ocab.cat\/<\/a>)<\/h3>\n\n\n\n<p>Fundada por&nbsp;<a href=\"https:\/\/www.ocab.cat\/direccio\/pepita-selles?lang=es\" target=\"_blank\" rel=\"noreferrer noopener\">Pepita Sell\u00e9s<\/a>&nbsp;el a\u00f1o 1948 como la primera orquesta de acordeones de Espa\u00f1a, y bajo la direcci\u00f3n de&nbsp;<a href=\"https:\/\/www.ocab.cat\/direccio\/pepita-perello?lang=es\" target=\"_blank\" rel=\"noreferrer noopener\">Pepita Perell\u00f3<\/a>&nbsp;de 1975 a 2014, la Orquesta de C\u00e1mara de Acordeones de Barcelona (OCAB) tiene como objetivo principal el ennoblecimiento constante del acorde\u00f3n. Actualmente Jes\u00fas Otero es su&nbsp;<a href=\"https:\/\/www.ocab.cat\/direccio?lang=es\" target=\"_blank\" rel=\"noreferrer noopener\">Director<\/a>.<\/p>\n\n\n\n<p>Ha actuado en las salas m\u00e1s emblem\u00e1ticas de Barcelona, por toda la geograf\u00eda catalana y ha realizado diversas giras por Espa\u00f1a y el extranjero. En 1986 redibe en Bensheim (Alemania) la primera insignia de oro de la Federaci\u00f3n Internacional, que se otorga a personalidades de fuera del pa\u00eds, y es invitada por el Parlamento Europeo actuando en la Sala Josephine del Palacio de l\u2019Orangerie d Estrasburgo. Ha actuado para las principales cadenas de televisi\u00f3n estatales y auton\u00f3micas y para la TV estatal rusa, y dispone de diversas&nbsp;<a href=\"https:\/\/www.ocab.cat\/direccio\/discografia?lang=es\" target=\"_blank\" rel=\"noreferrer noopener\">grabaciones<\/a>&nbsp;que comprenden un ampl\u00edsimo abanico de obras de \u00e9pocas, \u00e1mbito geogr\u00e1fico y estilos muy diversos.<\/p>\n\n\n\n<p>Una de las colaboraciones se realiz\u00f3 en el tradicional concierto de Navidad celebrado en <strong>2015<\/strong> con una interpretaci\u00f3n de Braveheart, suite (James Horner) y en <strong>2023<\/strong> con Highland Cathedral de (Ulrich roever y Michael Korb)<\/p>\n<p style=\"text-align: center;\"><strong>2015<\/strong><\/p>\n<p style=\"text-align: center;\"><iframe loading=\"lazy\" src=\"https:\/\/www.youtube.com\/embed\/TAoDJ7RBp74\" width=\"560\" height=\"315\" frameborder=\"0\" allowfullscreen=\"allowfullscreen\"><\/iframe><\/p>\n<p style=\"text-align: center;\"><strong>2023<\/strong><\/p>\n<p style=\"text-align: center;\"><iframe loading=\"lazy\" src=\"https:\/\/www.youtube.com\/embed\/1NDC9BSAykE\" width=\"560\" height=\"315\" frameborder=\"0\" allowfullscreen=\"allowfullscreen\"><\/iframe><\/p>\n\n\n\n<p class=\"has-text-align-center\"><strong>Palau de la M\u00fasica Catalana &#8211; Carlos N\u00fa\u00f1ez<\/strong><\/p>\n\n\n\n<p>El ya tradicional concierto de Navidad que el Grupo Carlos Nu\u00f1ez celebra en el Palau de la M\u00fasica Catalana con todas las butacas vendidas a\u00f1o tras a\u00f1o. Casa Galega con <strong>Xuntanza de Catalunya<\/strong> e inmumerables artistas invitados, Sacaires, Centro Asturiano&#8230; Ayudan a que a\u00f1o tras a\u00f1o el concierto de Navidad sea especial de la mano de Carlos Nu\u00f1ez y su grupo.<br><\/p>\n\n\n<div class=\"wp-block-image is-resized\">\n<figure class=\"aligncenter size-large\"><img decoding=\"async\" src=\"http:\/\/www.casagalega.com\/images\/fotos\/concursos\/Colaboraciones\/M97A4431.jpg\" alt=\"\" style=\"width:702px;height:auto\"\/><\/figure>\n<\/div>\n\n<div class=\"wp-block-image is-resized\">\n<figure class=\"aligncenter size-large\"><img decoding=\"async\" src=\"http:\/\/www.casagalega.com\/images\/fotos\/concursos\/Colaboraciones\/M97A8960.jpg\" alt=\"\" style=\"aspect-ratio:1.4998744524732863;width:705px;height:auto\"\/><\/figure>\n<\/div>\n\n<div class=\"wp-block-image is-resized\">\n<figure class=\"aligncenter size-large\"><img decoding=\"async\" src=\"http:\/\/www.casagalega.com\/images\/fotos\/concursos\/Colaboraciones\/M97A9563.jpg\" alt=\"\" style=\"width:702px;height:auto\"\/><\/figure>\n<\/div>\n\n\n<figure class=\"wp-block-embed is-type-rich is-provider-gestor-del-servicio wp-block-embed-gestor-del-servicio wp-embed-aspect-16-9 wp-has-aspect-ratio\"><div class=\"wp-block-embed__wrapper\">\n<iframe loading=\"lazy\" title=\"Carlos Nu\u00f1ez - Aires de Pontevedra - Palau de la M\u00fasica Catalana 30\/12\/2014\" width=\"1140\" height=\"641\" src=\"https:\/\/www.youtube.com\/embed\/mOY388dJ3XQ?feature=oembed\" frameborder=\"0\" allow=\"accelerometer; autoplay; clipboard-write; encrypted-media; gyroscope; picture-in-picture; web-share\" referrerpolicy=\"strict-origin-when-cross-origin\" allowfullscreen><\/iframe>\n<\/div><\/figure>\n\n\n\n<figure class=\"wp-block-embed is-type-rich is-provider-gestor-del-servicio wp-block-embed-gestor-del-servicio wp-embed-aspect-16-9 wp-has-aspect-ratio\"><div class=\"wp-block-embed__wrapper\">\n<iframe loading=\"lazy\" title=\"Carlos Nu\u00f1ez - Marcha do entrelazado de Allariz - Palau de la M\u00fasica Catalana 30\/12\/2014\" width=\"1140\" height=\"641\" src=\"https:\/\/www.youtube.com\/embed\/T3Cod2llvuI?feature=oembed\" frameborder=\"0\" allow=\"accelerometer; autoplay; clipboard-write; encrypted-media; gyroscope; picture-in-picture; web-share\" referrerpolicy=\"strict-origin-when-cross-origin\" allowfullscreen><\/iframe>\n<\/div><\/figure>\n\n\n\n<figure class=\"wp-block-embed is-type-rich is-provider-gestor-del-servicio wp-block-embed-gestor-del-servicio wp-embed-aspect-16-9 wp-has-aspect-ratio\"><div class=\"wp-block-embed__wrapper\">\n<iframe loading=\"lazy\" title=\"2018.12.30 Carlos N\u00fanez: 20\u00e8 Festival del Mil\u00b7leni (Parte 1\/2) @ Palau de la M\u00fasica\" width=\"1140\" height=\"641\" src=\"https:\/\/www.youtube.com\/embed\/7pUx9TFF7xs?feature=oembed\" frameborder=\"0\" allow=\"accelerometer; autoplay; clipboard-write; encrypted-media; gyroscope; picture-in-picture; web-share\" referrerpolicy=\"strict-origin-when-cross-origin\" allowfullscreen><\/iframe>\n<\/div><\/figure>\n\n\n\n<p><\/p>\n","protected":false},"excerpt":{"rendered":"<p>EMMCA (https:\/\/centredelesarts.l-h.cat\/) La\u00a0Banda\u00a0Proven\u00e7ana\u00a0de L\u2019Hospitalet (integrada per m\u00fasics de diferents entitats musicals i culturals de la ciutat, m\u00fasics amateurs de la&hellip;<\/p>\n","protected":false},"author":1,"featured_media":0,"parent":64,"menu_order":15,"comment_status":"closed","ping_status":"closed","template":"","meta":{"ngg_post_thumbnail":0,"footnotes":""},"class_list":["post-2264","page","type-page","status-publish","hentry"],"_links":{"self":[{"href":"https:\/\/www.casagalega.com\/wp_cgh\/wp-json\/wp\/v2\/pages\/2264","targetHints":{"allow":["GET"]}}],"collection":[{"href":"https:\/\/www.casagalega.com\/wp_cgh\/wp-json\/wp\/v2\/pages"}],"about":[{"href":"https:\/\/www.casagalega.com\/wp_cgh\/wp-json\/wp\/v2\/types\/page"}],"author":[{"embeddable":true,"href":"https:\/\/www.casagalega.com\/wp_cgh\/wp-json\/wp\/v2\/users\/1"}],"replies":[{"embeddable":true,"href":"https:\/\/www.casagalega.com\/wp_cgh\/wp-json\/wp\/v2\/comments?post=2264"}],"version-history":[{"count":25,"href":"https:\/\/www.casagalega.com\/wp_cgh\/wp-json\/wp\/v2\/pages\/2264\/revisions"}],"predecessor-version":[{"id":7903,"href":"https:\/\/www.casagalega.com\/wp_cgh\/wp-json\/wp\/v2\/pages\/2264\/revisions\/7903"}],"up":[{"embeddable":true,"href":"https:\/\/www.casagalega.com\/wp_cgh\/wp-json\/wp\/v2\/pages\/64"}],"wp:attachment":[{"href":"https:\/\/www.casagalega.com\/wp_cgh\/wp-json\/wp\/v2\/media?parent=2264"}],"curies":[{"name":"wp","href":"https:\/\/api.w.org\/{rel}","templated":true}]}}