{"id":1558,"date":"2012-02-25T10:57:48","date_gmt":"2012-02-25T09:57:48","guid":{"rendered":"http:\/\/www.casagalega.com\/wp_cgh\/?page_id=1558"},"modified":"2024-10-06T10:45:51","modified_gmt":"2024-10-06T09:45:51","slug":"xacobeo","status":"publish","type":"page","link":"https:\/\/www.casagalega.com\/wp_cgh\/casa-galega\/xacobeo\/","title":{"rendered":"Xacobeo 21-22"},"content":{"rendered":"<p><img loading=\"lazy\" decoding=\"async\" class=\"alignright\" title=\"Xacobeo\" src=\"http:\/\/www.casagalega.com\/images\/fotos\/cgh\/Xacobeo\/xacobeo_2010_logo.png\" alt=\"\" width=\"150\" height=\"147\">Casa Galega de l&#8217;Hospitalet siempre ligada a la cultura y a la tradici\u00f3n popular gallega, tambi\u00e9n apuesta por el a\u00f1o Santo, el a\u00f1o Xacobeo.<\/p>\n<p>&nbsp;<\/p>\n<p>En el siguiente apartado explicamos un poquito sobre la historia sobre el Camino de Santiago y varios enlaces oficiales para animar, a todo aquel que quiera, a realizar el Camino de Santiago, y m\u00e1s especialmente en el 2010.<\/p>\n<p style=\"text-align: left;\">Iremos a\u00f1adiendo fotograf\u00edas, v\u00eddeos y participaciones en las que Casa Galega ha colaborado, as\u00ed como indicaciones para todo aquel que se quiera iniciar en el camino pueda conseguir la compostelana.<\/p>\n<p style=\"text-align: center;\"><iframe loading=\"lazy\" src=\"https:\/\/www.youtube.com\/embed\/6rtqxfuGaMc\" width=\"600\" height=\"350\" frameborder=\"0\" allowfullscreen=\"allowfullscreen\"><\/iframe><\/p>\n<p>&nbsp;<\/p>\n\n\n<p class=\"has-text-align-center\"><strong>IV D\u00eda da Galicia Exterior 2004<\/strong><\/p>\n<hr>\n\n\n\nngg_shortcode_0_placeholder\n\n\n\n<p class=\"has-text-align-center\"><p class=\"has-text-align-center\"><strong>V D\u00eda da Galicia Exterior 2010<\/strong><\/p><hr><\/p>\n\n\n\nngg_shortcode_1_placeholder\n\n\n\n<p><strong>El Camino de Santiago<\/strong><\/p>\n\n\n\n<p>Aunque el Camino de Santiago era en sus or\u00edgenes esencialmente religioso, hoy se ha convertido, gracias a sus elementos culturales y paisajistas, en una ruta de contacto entre las diferentes gentes y culturas, lo que ha llevado al Consejo de Europa a declararlo Primer Itinerario Cultural Europeo y hacer de esta vieja ruta una v\u00eda tambi\u00e9n para el arte y la espiritualidad.<\/p>\n\n\n\n<p>Existen diferentes rutas para peregrinar a Santiago, pero el camino en principio no es un fin en s\u00ed mismo, sino un medio para llegar a la meta: la tumba de Santiago.<\/p>\n\n\n\n<p><strong>Rutas reconocidas oficialmente:<\/strong><\/p>\n\n\n\n<ul class=\"wp-block-list\"><li><strong>Camino Franc\u00e9s<\/strong>, la ruta m\u00e1s frecuentada hoy en d\u00eda, entra en la Pen\u00ednsula Ib\u00e9rica por Roncesvalles e ingresa en Galicia por O Cebreiro.<\/li><li><strong>Camino del Norte<\/strong>, que bordea la costa cant\u00e1brica, entra en Galicia por Ribadeo.<\/li><li><strong>Camino Primitivo<\/strong>, que parte de Oviedo y conduce al peregrino hacia Santiago.<\/li><li><strong>Camino Ingl\u00e9s<\/strong>, as\u00ed conocido por la afluencia de peregrinos de las islas brit\u00e1nicas, que viajaban por mar, desembarcaban en A Coru\u00f1a o Ferrol, y se desplazaban desde all\u00ed a pie.<\/li><li><strong>Camino Portugu\u00e9s<\/strong>, que discurre desde Portugal hasta entrar en Galicia por Tui.<\/li><li><strong>Camino del Sudeste \u2013 V\u00eda de la Plata<\/strong>, que procede de Sevilla, M\u00e9rida, Zamora, y entra en Galicia por la provincia de Ourense.<\/li><\/ul>\n\n\n\n<p><strong>El A\u00f1o Santo y las gracias jubilares<\/strong><\/p>\n\n\n\n<p>Cada siglo se celebran 14 A\u00f1os Santos, con una cadencia de 6-5-6-11 a\u00f1os.<\/p>\n\n\n\n<p>Un a\u00f1o jubilar es un per\u00edodo en el que la Iglesia tradicionalmente concede a los fieles singulares gracias espirituales. Empez\u00f3 en 1122 con el Papa Calisto II y lo confirmaron otros papas; Alejandro III en la bula Regis eterni, de 1179, le otorg\u00f3 perpetuidad.<\/p>\n\n\n\n<p>Para ganar el jubileo el peregrino o la peregrina tendr\u00e1 que cumplir las tres tradiciones:<\/p>\n\n\n\n<ul class=\"wp-block-list\"><li>Visitar la tumba de Ap\u00f3stol en la Catedral y rezar alguna oraci\u00f3n.<\/li><li>Recibir el sacramento de la confesi\u00f3n (ya sea en la Catedral o en cualquier otro lugar, quince d\u00edas antes o despu\u00e9s).<\/li><li>Recibir la comuni\u00f3n. Esta indulgencia es aplicable a los difuntos.<\/li><\/ul>\n\n\n\n<p>Las indulgencias jubilares se otorgan una vez al d\u00eda con estas condiciones:<\/p>\n\n\n\n<ul class=\"wp-block-list\"><li>Visitar la Catedral rezando alguna oraci\u00f3n<\/li><li>Recibir los sacramentos de confesi\u00f3n (quince d\u00edas antes o despu\u00e9s) y la sagrada comuni\u00f3n.<\/li><\/ul>\n\n\n\n<p><strong>La Compostela<\/strong><\/p>\n\n\n\n<p>La Compostela es la certificaci\u00f3n oficial que concede la catedral de Santiago a aquellas personas que realizaron la peregrinaci\u00f3n por motivos religiosos, sea A\u00f1o Santo o no. Los requisitos necesarios son los siguientes:<\/p>\n\n\n\n<ul class=\"wp-block-list\"><li>Recorrer una parte del Camino de Santiago, acreditando al menos los \u00faltimos 100 Km a pie o a caballo, o 200 Km en bicicleta mediante credenciales, sellos o firmas de las parroquias, albergues, refugios o personas representativas de los n\u00facleos por los que pasa el Camino.<\/li><li>De no conseguir esta credencial, podr\u00eda suplirse por un diario de ruta con las firmas y sellos de cada etapa del Camino.<\/li><\/ul>\n\n\n\n<p><strong>Consejos para hacer el camino<\/strong><\/p>\n\n\n\n<p>Antes de iniciar el camino se recomienda pasar un sencillo reconocimiento m\u00e9dico para asegurarnos de que no habr\u00e1 imprevistos f\u00edsicos; para ello se precisar\u00eda adem\u00e1s de un entrenamiento, caminando durante d\u00edas sucesivos, distancias cada vez mayores.<\/p>\n\n\n\n<p><strong>Vestido y calzado para la marcha:<\/strong><\/p>\n\n\n\n<ul class=\"wp-block-list\"><li>La vestimenta debe ser holgada y transpirable, para evitar los frecuentes roces que producen dermatitis de contacto, sobre todo en la parte interna de los muslos.<\/li><li>Adem\u00e1s se debe llevar ropa adaptada a la climatolog\u00eda de la \u00e9poca en la que se realice la peregrinaci\u00f3n. Es necesario no olvidar un sombrero para evitar insolaciones.<\/li><li>El calzado es fundamental. Debe ser bota que abrace el tobillo, pues los caminos son irregulares, para evitar las torceduras, que podr\u00edan obligar a suspender la marcha. Adem\u00e1s de ser alta, la bota debe ser impermeable y transpirable, para evitar los problemas derivados de la sudaci\u00f3n del pie, como las ampollas y las micosis.<\/li><li>Complemento del calzado son los calcetines, de lana o similar, que se deber\u00e1n cambiar a menudo.<\/li><\/ul>\n\n\n\n<p><strong>Otras recomendaciones<\/strong><\/p>\n\n\n\n<ul class=\"wp-block-list\"><li>Llevar un botiqu\u00edn de primeros auxilios.<\/li><li>Si se viaja de noche deben usarse reflectores.<\/li><li>En carretera, circula siempre por el arc\u00e9n del lado izquierdo.<\/li><li>Evita crear grupos o amontonarse en la calzada.<\/li><li>Haz siempre caso de las recomendaciones de la Guardia Civil, de la Polic\u00eda, Protecci\u00f3n Civil y Cruz Roja.<\/li><li>Mant\u00e9n la limpieza de los locales y lugares de acampada, y procura ser respetuoso y amable con la poblaci\u00f3n.<\/li><li>Valora y aprecia el esfuerzo de las personas que atienden los albergues<\/li><li>Leer algo sobre la historia del camino para comprender mejor su significado.<\/li><li>Programar las etapas con realismo, sin exigirnos metas que no nos permitan disfrutar del viaje, as\u00ed como contar con d\u00edas de descanso.<\/li><li>Necesitas un saco de dormir si vas a utilizar los albergues.<\/li><li>Es recomendable una esterilla o foam para evitar dormir o descansar directamente sobre un suelo h\u00famedo.<\/li><li>Recuerda que solo se permite pernoctar una noche en cada albergue, excepto en caso de enfermedad.<\/li><li>El peso de la mochila no deber\u00eda sobrepasar el 10% del peso corporal.<\/li><li>Recuerda que los albergues no se pueden reservar, excepto en el caso de los albergues privados.<\/li><\/ul>\n\n\n\n<p><strong>Enlaces de inter\u00e9s<\/strong><\/p>\n\n\n\n<ul class=\"wp-block-list\"><li><a href=\"https:\/\/www.caminodesantiago.gal\/es\/inicio\" data-type=\"URL\" data-id=\"https:\/\/www.caminodesantiago.gal\/es\/inicio\" target=\"_blank\" rel=\"noreferrer noopener\">http:\/\/www.xacobeo.es\/es<\/a><\/li><li><a rel=\"noreferrer noopener\" href=\"http:\/\/blog.xacobeo.es\/\" target=\"_blank\">http:\/\/blog.xacobeo.es\/<\/a><\/li><li><a href=\"http:\/\/www.peregrinoslh.com\/es\/\" target=\"_blank\" rel=\"noreferrer noopener\">http:\/\/www.peregrinoslh.com\/es\/<\/a> Asociaci\u00f3n Camino de Santiago de\u00a0 Hospitalet de Llobregat.<\/li><\/ul>\n\n\n\n<p>* Textos copiados y adaptados de estos enlaces donde se podr\u00e1 encontrar mucha m\u00e1s informaci\u00f3n, rutas y consejos.<\/p>\n\n\n\n<p><strong>Buen camino!<\/strong><\/p>\n\n\n\n<div class=\"wp-block-image\"><figure class=\"aligncenter\"><img decoding=\"async\" src=\"http:\/\/www.casagalega.com\/images\/fotos\/cgh\/Xacobeo\/Xacobeo_2021.jpg\" alt=\"\" title=\"Xacobeo\"\/><\/figure><\/div>\n\n\n\n<p>El siguiente a\u00f1o Xacobeo es el 2021.<\/p>\n","protected":false},"excerpt":{"rendered":"<p>Casa Galega de l&#8217;Hospitalet siempre ligada a la cultura y a la tradici\u00f3n popular gallega, tambi\u00e9n apuesta por el a\u00f1o&hellip;<\/p>\n","protected":false},"author":1,"featured_media":0,"parent":13,"menu_order":6,"comment_status":"closed","ping_status":"open","template":"","meta":{"ngg_post_thumbnail":0,"footnotes":""},"class_list":["post-1558","page","type-page","status-publish","hentry"],"_links":{"self":[{"href":"https:\/\/www.casagalega.com\/wp_cgh\/wp-json\/wp\/v2\/pages\/1558","targetHints":{"allow":["GET"]}}],"collection":[{"href":"https:\/\/www.casagalega.com\/wp_cgh\/wp-json\/wp\/v2\/pages"}],"about":[{"href":"https:\/\/www.casagalega.com\/wp_cgh\/wp-json\/wp\/v2\/types\/page"}],"author":[{"embeddable":true,"href":"https:\/\/www.casagalega.com\/wp_cgh\/wp-json\/wp\/v2\/users\/1"}],"replies":[{"embeddable":true,"href":"https:\/\/www.casagalega.com\/wp_cgh\/wp-json\/wp\/v2\/comments?post=1558"}],"version-history":[{"count":32,"href":"https:\/\/www.casagalega.com\/wp_cgh\/wp-json\/wp\/v2\/pages\/1558\/revisions"}],"predecessor-version":[{"id":6517,"href":"https:\/\/www.casagalega.com\/wp_cgh\/wp-json\/wp\/v2\/pages\/1558\/revisions\/6517"}],"up":[{"embeddable":true,"href":"https:\/\/www.casagalega.com\/wp_cgh\/wp-json\/wp\/v2\/pages\/13"}],"wp:attachment":[{"href":"https:\/\/www.casagalega.com\/wp_cgh\/wp-json\/wp\/v2\/media?parent=1558"}],"curies":[{"name":"wp","href":"https:\/\/api.w.org\/{rel}","templated":true}]}}